{"id":11882,"date":"2019-07-09T08:03:57","date_gmt":"2019-07-09T06:03:57","guid":{"rendered":"http:\/\/www.schuetzen-hoengen.de\/?page_id=11882"},"modified":"2024-05-27T20:37:59","modified_gmt":"2024-05-27T18:37:59","slug":"kaiserfest-2","status":"publish","type":"page","link":"https:\/\/schuetzen-hoengen.de\/index.php\/veranstaltungen-2\/1-veranstaltungen-2019\/kaiserfest-2\/","title":{"rendered":"Kaiserfest"},"content":{"rendered":"<h1 style=\"text-align: center;\">Wir sind Kaiser!!<\/h1>\n<h1 style=\"text-align: center;\">Grandioses Kaiserfest in H\u00f6ngen<\/h1>\n<p>&nbsp;<\/p>\n<figure id=\"attachment_11820\" aria-describedby=\"caption-attachment-11820\" style=\"width: 474px\" class=\"wp-caption alignnone\"><a href=\"http:\/\/www.schuetzen-hoengen.de\/wp-content\/uploads\/2019\/06\/kaiser.jpg\" data-rel=\"lightbox-image-0\" data-rl_title=\"\" data-rl_caption=\"\" title=\"\"><img loading=\"lazy\" decoding=\"async\" class=\"wp-image-11820 size-large\" src=\"http:\/\/www.schuetzen-hoengen.de\/wp-content\/uploads\/2019\/06\/kaiser-1024x768.jpg\" alt=\"\" width=\"474\" height=\"356\" srcset=\"https:\/\/schuetzen-hoengen.de\/wp-content\/uploads\/2019\/06\/kaiser-1024x768.jpg 1024w, https:\/\/schuetzen-hoengen.de\/wp-content\/uploads\/2019\/06\/kaiser-300x225.jpg 300w, https:\/\/schuetzen-hoengen.de\/wp-content\/uploads\/2019\/06\/kaiser-768x576.jpg 768w, https:\/\/schuetzen-hoengen.de\/wp-content\/uploads\/2019\/06\/kaiser.jpg 1600w\" sizes=\"(max-width: 474px) 100vw, 474px\" \/><\/a><figcaption id=\"caption-attachment-11820\" class=\"wp-caption-text\">Bild Bertha Willems<\/figcaption><\/figure>\n<h5 style=\"text-align: center;\">ein Traum in wei\u00df<\/h5>\n<p>&nbsp;<\/p>\n<figure id=\"attachment_11830\" aria-describedby=\"caption-attachment-11830\" style=\"width: 1000px\" class=\"wp-caption aligncenter\"><a href=\"http:\/\/www.schuetzen-hoengen.de\/wp-content\/uploads\/2019\/06\/kaiserpaar.jpg\" data-rel=\"lightbox-image-1\" data-rl_title=\"\" data-rl_caption=\"\" title=\"\"><img loading=\"lazy\" decoding=\"async\" class=\"wp-image-11830 size-full\" src=\"http:\/\/www.schuetzen-hoengen.de\/wp-content\/uploads\/2019\/06\/kaiserpaar.jpg\" alt=\"\" width=\"1000\" height=\"611\" srcset=\"https:\/\/schuetzen-hoengen.de\/wp-content\/uploads\/2019\/06\/kaiserpaar.jpg 1000w, https:\/\/schuetzen-hoengen.de\/wp-content\/uploads\/2019\/06\/kaiserpaar-300x183.jpg 300w, https:\/\/schuetzen-hoengen.de\/wp-content\/uploads\/2019\/06\/kaiserpaar-768x469.jpg 768w\" sizes=\"(max-width: 1000px) 100vw, 1000px\" \/><\/a><figcaption id=\"caption-attachment-11830\" class=\"wp-caption-text\">Bild selfkant-online<\/figcaption><\/figure>\n<h5>unser Kaiserpaar Philipp van Hall und Jule Dohmen<\/h5>\n<h5>H\u00f6hepunkt der Festaufzug Sonntag<\/h5>\n<h5>Zuvor Samstag der Kaiserball, der noch lange<br \/>\nin Erinnerung bleiben wird;<\/h5>\n<h5>mit einem Kaiserwalzer, den man nicht mehr toppen kann!!<\/h5>\n<h5>Im Anschluss liess es die Band<\/h5>\n<h5><a href=\"http:\/\/www.schuetzen-hoengen.de\/wp-content\/uploads\/2019\/02\/venomenal.jpg\" data-rel=\"lightbox-image-2\" data-rl_title=\"\" data-rl_caption=\"\" title=\"\"><img loading=\"lazy\" decoding=\"async\" class=\"aligncenter wp-image-11247 \" src=\"http:\/\/www.schuetzen-hoengen.de\/wp-content\/uploads\/2019\/02\/venomenal.jpg\" alt=\"\" width=\"245\" height=\"68\" \/><\/a><\/h5>\n<p>so richtig krachen !!<\/p>\n<p><a href=\"http:\/\/www.schuetzen-hoengen.de\/wp-content\/uploads\/2019\/06\/Vennomenla3.jpg\" data-rel=\"lightbox-image-3\" data-rl_title=\"\" data-rl_caption=\"\" title=\"\"><img loading=\"lazy\" decoding=\"async\" class=\"wp-image-11846 size-large aligncenter\" src=\"http:\/\/www.schuetzen-hoengen.de\/wp-content\/uploads\/2019\/06\/Vennomenla3-1024x576.jpg\" alt=\"\" width=\"474\" height=\"267\" srcset=\"https:\/\/schuetzen-hoengen.de\/wp-content\/uploads\/2019\/06\/Vennomenla3-1024x576.jpg 1024w, https:\/\/schuetzen-hoengen.de\/wp-content\/uploads\/2019\/06\/Vennomenla3-300x169.jpg 300w, https:\/\/schuetzen-hoengen.de\/wp-content\/uploads\/2019\/06\/Vennomenla3-768x432.jpg 768w, https:\/\/schuetzen-hoengen.de\/wp-content\/uploads\/2019\/06\/Vennomenla3.jpg 1600w\" sizes=\"(max-width: 474px) 100vw, 474px\" \/><\/a><\/p>\n<p><a href=\"http:\/\/www.schuetzen-hoengen.de\/wp-content\/uploads\/2019\/06\/Vennomenal2.jpg\" data-rel=\"lightbox-image-4\" data-rl_title=\"\" data-rl_caption=\"\" title=\"\"><img loading=\"lazy\" decoding=\"async\" class=\"wp-image-11845 size-large aligncenter\" src=\"http:\/\/www.schuetzen-hoengen.de\/wp-content\/uploads\/2019\/06\/Vennomenal2-1024x576.jpg\" alt=\"\" width=\"474\" height=\"267\" srcset=\"https:\/\/schuetzen-hoengen.de\/wp-content\/uploads\/2019\/06\/Vennomenal2-1024x576.jpg 1024w, https:\/\/schuetzen-hoengen.de\/wp-content\/uploads\/2019\/06\/Vennomenal2-300x169.jpg 300w, https:\/\/schuetzen-hoengen.de\/wp-content\/uploads\/2019\/06\/Vennomenal2-768x432.jpg 768w, https:\/\/schuetzen-hoengen.de\/wp-content\/uploads\/2019\/06\/Vennomenal2.jpg 1600w\" sizes=\"(max-width: 474px) 100vw, 474px\" \/><\/a><\/p>\n<p><a href=\"http:\/\/www.schuetzen-hoengen.de\/wp-content\/uploads\/2019\/06\/Vennomenal6.jpg\" data-rel=\"lightbox-image-5\" data-rl_title=\"\" data-rl_caption=\"\" title=\"\"><img loading=\"lazy\" decoding=\"async\" class=\"alignnone size-medium wp-image-11849\" src=\"http:\/\/www.schuetzen-hoengen.de\/wp-content\/uploads\/2019\/06\/Vennomenal6-169x300.jpg\" alt=\"\" width=\"169\" height=\"300\" srcset=\"https:\/\/schuetzen-hoengen.de\/wp-content\/uploads\/2019\/06\/Vennomenal6-169x300.jpg 169w, https:\/\/schuetzen-hoengen.de\/wp-content\/uploads\/2019\/06\/Vennomenal6-768x1365.jpg 768w, https:\/\/schuetzen-hoengen.de\/wp-content\/uploads\/2019\/06\/Vennomenal6-576x1024.jpg 576w, https:\/\/schuetzen-hoengen.de\/wp-content\/uploads\/2019\/06\/Vennomenal6.jpg 900w\" sizes=\"(max-width: 169px) 100vw, 169px\" \/><\/a> <a href=\"http:\/\/www.schuetzen-hoengen.de\/wp-content\/uploads\/2019\/06\/Vennomenal5.jpg\" data-rel=\"lightbox-image-6\" data-rl_title=\"\" data-rl_caption=\"\" title=\"\"><img loading=\"lazy\" decoding=\"async\" class=\"alignnone size-medium wp-image-11848\" src=\"http:\/\/www.schuetzen-hoengen.de\/wp-content\/uploads\/2019\/06\/Vennomenal5-169x300.jpg\" alt=\"\" width=\"169\" height=\"300\" srcset=\"https:\/\/schuetzen-hoengen.de\/wp-content\/uploads\/2019\/06\/Vennomenal5-169x300.jpg 169w, https:\/\/schuetzen-hoengen.de\/wp-content\/uploads\/2019\/06\/Vennomenal5-768x1365.jpg 768w, https:\/\/schuetzen-hoengen.de\/wp-content\/uploads\/2019\/06\/Vennomenal5-576x1024.jpg 576w, https:\/\/schuetzen-hoengen.de\/wp-content\/uploads\/2019\/06\/Vennomenal5.jpg 900w\" sizes=\"(max-width: 169px) 100vw, 169px\" \/><\/a><\/p>\n<h6 style=\"text-align: center;\">VENNomenal war ph\u00e4nomenal!<\/h6>\n<h6 style=\"text-align: center;\">Olli schrieb!!!<a href=\"http:\/\/www.schuetzen-hoengen.de\/wp-content\/uploads\/2019\/06\/Olli.jpg\" data-rel=\"lightbox-image-7\" data-rl_title=\"\" data-rl_caption=\"\" title=\"\"><img loading=\"lazy\" decoding=\"async\" class=\"aligncenter wp-image-11838 size-medium\" src=\"http:\/\/www.schuetzen-hoengen.de\/wp-content\/uploads\/2019\/06\/Olli-300x259.jpg\" alt=\"\" width=\"300\" height=\"259\" srcset=\"https:\/\/schuetzen-hoengen.de\/wp-content\/uploads\/2019\/06\/Olli-300x259.jpg 300w, https:\/\/schuetzen-hoengen.de\/wp-content\/uploads\/2019\/06\/Olli-768x662.jpg 768w, https:\/\/schuetzen-hoengen.de\/wp-content\/uploads\/2019\/06\/Olli-1024x883.jpg 1024w, https:\/\/schuetzen-hoengen.de\/wp-content\/uploads\/2019\/06\/Olli.jpg 1600w\" sizes=\"(max-width: 300px) 100vw, 300px\" \/><\/a>Danke f\u00fcr die gelungene, spitzen Kirmes<a href=\"http:\/\/www.schuetzen-hoengen.de\/wp-content\/uploads\/2015\/04\/Smilies-6.jpg\" data-rel=\"lightbox-image-8\" data-rl_title=\"\" data-rl_caption=\"\" title=\"\"><img loading=\"lazy\" decoding=\"async\" class=\"wp-image-8643 aligncenter\" src=\"http:\/\/www.schuetzen-hoengen.de\/wp-content\/uploads\/2015\/04\/Smilies-6-300x75.jpg\" alt=\"\" width=\"204\" height=\"51\" \/><\/a><\/h6>\n<h6>Danke an alle die mit angepackt haben, besonders aber an die beiden Vorst\u00e4nde TPFC und Sch\u00fctzen f\u00fcr die sehr gute Organisation!!!<\/h6>\n<h5>mehr Bilder unter folgendem Link \u00a0 <a href=\"http:\/\/www.selfkant-online.de\/item\/6819-grandioses-kaiser-in-hoengen.html\">Kaiserfest<\/a><\/h5>\n<h1>Grandioses Kaiserfest in H\u00f6ngen<\/h1>\n<p>Bericht: selfkant-online<\/p>\n<p>&nbsp;<\/p>\n<p><!-- End item Header --> <!-- Plugins: AfterDisplayTitle --> <!-- K2 Plugins: K2AfterDisplayTitle --> <!-- Item Image --><\/p>\n<div class=\"itemImageBlock\">\n<p><span class=\"itemImage\"><a class=\"modal\" title=\"\" href=\"http:\/\/www.selfkant-online.de\/media\/k2\/items\/cache\/8915b4e8038be0e755da33617204e17f_XL.jpg\" rel=\"{handler: 'image'}\" data-rel=\"lightbox-image-9\" data-rl_title=\"\" data-rl_caption=\"\"><img decoding=\"async\" src=\"http:\/\/www.selfkant-online.de\/media\/k2\/items\/cache\/8915b4e8038be0e755da33617204e17f_L.jpg\" alt=\"Grandioses Kaiserfest in H\u00f6ngen\" \/> <\/a><\/span><\/p>\n<div class=\"clr\"><\/div>\n<\/div>\n<div class=\"articleInnerAside\"><\/div>\n<div class=\"itemBody articlePushRight\">\n<p><!-- Plugins: BeforeDisplayContent --> <!-- K2 Plugins: K2BeforeDisplayContent --> <!-- Item fulltext --><\/p>\n<div class=\"itemFullText\">\n<p>Von 1973 bis zum 22. Juni war Gottfried Engendahl amtierender Kaiser der St. Johannes Baptist Sch\u00fctzenbruderschaft H\u00f6ngen. Beim Vogelschuss im Herbst vergangenen Jahres hat Philipp van Hall es nun geschafft, die strengen Kriterien der Kaiserw\u00fcrde zu erf\u00fcllen. Dreimal in Folge ist es Ihm gelungen, den Gipsvogel mit der Armbrust von der Stange zu holen. \u00a0Vom 21. \u2013 24. Juni feierte H\u00f6ngen dieses Ereignis. Gegen 21 Uhr war es am Samstag dann offiziell soweit, Philipp van Hall hat die Kaiserw\u00fcrde inne. Perfekt f\u00fchrte er nach der W\u00fcrdigung seine Kaiserin \u00fcber das Parkett.<\/p>\n<p>Bilder von Bertha Willms \u00a0&#8230;<\/p>\n<p><img decoding=\"async\" src=\"http:\/\/www.selfkant-online.de\/images\/2019\/06\/kaiser\/IMG_6094.jpg\" alt=\"\" \/><\/p>\n<p><img decoding=\"async\" src=\"http:\/\/www.selfkant-online.de\/images\/2019\/06\/kaiser\/IMG_6118.jpg\" alt=\"\" \/><\/p>\n<p><img decoding=\"async\" src=\"http:\/\/www.selfkant-online.de\/images\/2019\/06\/kaiser\/IMG_6148.jpg\" alt=\"\" \/><\/p>\n<p><img decoding=\"async\" src=\"http:\/\/www.selfkant-online.de\/images\/2019\/06\/kaiser\/IMG_6240.jpg\" alt=\"\" \/><\/p>\n<p><img decoding=\"async\" src=\"http:\/\/www.selfkant-online.de\/images\/2019\/06\/kaiser\/IMG_6261.jpg\" alt=\"\" \/><\/p>\n<p><img decoding=\"async\" src=\"http:\/\/www.selfkant-online.de\/images\/2019\/06\/kaiser\/IMG_6503.jpg\" alt=\"\" \/><\/p>\n<p><img decoding=\"async\" src=\"http:\/\/www.selfkant-online.de\/images\/2019\/06\/kaiser\/IMG_6632%20-%20kopie%20-%20kopie.jpg\" alt=\"\" \/><\/p>\n<p>H\u00f6hepunkt am Sonntag war\u00a0der Umzug durch H\u00f6ngen. Neben dem Trommler-, Pfeifer- und Fanfarencorps und der Sch\u00fctzenbruderschaft H\u00f6ngen machten\u00a0die anderen Sch\u00fctzenbruderschaften des Selfkants samt musikalischer Begleitung dem frisch gekr\u00f6nten Kaiserpaar ihre Aufwartung.<\/p>\n<p>Abholen des Kaiserpaares &#8230;.<\/p>\n<p><img decoding=\"async\" src=\"http:\/\/www.selfkant-online.de\/images\/2019\/06\/kaiser\/hoe__19-06-23_DSCF6064.jpg\" alt=\"\" \/><\/p>\n<p><img decoding=\"async\" src=\"http:\/\/www.selfkant-online.de\/images\/2019\/06\/kaiser\/hoe__19-06-23_DSCF6068.jpg\" alt=\"\" \/><\/p>\n<p><img decoding=\"async\" src=\"http:\/\/www.selfkant-online.de\/images\/2019\/06\/kaiser\/hoe__19-06-23_DSCF6070.jpg\" alt=\"\" \/><\/p>\n<p><img decoding=\"async\" src=\"http:\/\/www.selfkant-online.de\/images\/2019\/06\/kaiser\/hoe__19-06-23_DSCF6073.jpg\" alt=\"\" \/><\/p>\n<p><img decoding=\"async\" src=\"http:\/\/www.selfkant-online.de\/images\/2019\/06\/kaiser\/hoe__19-06-23_DSCF6075.jpg\" alt=\"\" \/><\/p>\n<p><img decoding=\"async\" src=\"http:\/\/www.selfkant-online.de\/images\/2019\/06\/kaiser\/hoe__19-06-23_DSCF6079.jpg\" alt=\"\" \/><\/p>\n<p><img decoding=\"async\" src=\"http:\/\/www.selfkant-online.de\/images\/2019\/06\/kaiser\/hoe__19-06-23_DSCF6088.jpg\" alt=\"\" \/><\/p>\n<p><img decoding=\"async\" src=\"http:\/\/www.selfkant-online.de\/images\/2019\/06\/kaiser\/hoe__19-06-23_DSCF6091.jpg\" alt=\"\" \/><\/p>\n<p><img decoding=\"async\" src=\"http:\/\/www.selfkant-online.de\/images\/2019\/06\/kaiser2\/kaiser__19-06-23_DSCF6099.jpg\" alt=\"\" \/><\/p>\n<p>&nbsp;<\/p>\n<p>Gro\u00dfer Festzug durch das festlich geschm\u00fcckte H\u00f6ngen, die Sch\u00fctzenbruderschaften aus dem Selfkant mit ihren musikalischen Begleitungen und Majest\u00e4ten, zahlreiche G\u00e4ste an den Stra\u00dfen &#8211; ein gelungenes Fest&#8230;.<\/p>\n<p><img decoding=\"async\" src=\"http:\/\/www.selfkant-online.de\/images\/2019\/06\/kaiser2\/kaiser__19-06-23_DSCF6102.jpg\" alt=\"\" \/><\/p>\n<p><img decoding=\"async\" src=\"http:\/\/www.selfkant-online.de\/images\/2019\/06\/kaiser2\/kaiser__19-06-23_DSCF6104.jpg\" alt=\"\" \/><\/p>\n<p><img decoding=\"async\" src=\"http:\/\/www.selfkant-online.de\/images\/2019\/06\/kaiser2\/kaiser__19-06-23_DSCF6110.jpg\" alt=\"\" \/><\/p>\n<p><img decoding=\"async\" src=\"http:\/\/www.selfkant-online.de\/images\/2019\/06\/kaiser2\/kaiser__19-06-23_DSCF6114.jpg\" alt=\"\" \/><\/p>\n<p><img decoding=\"async\" src=\"http:\/\/www.selfkant-online.de\/images\/2019\/06\/kaiser2\/kaiser__19-06-23_DSCF6117.jpg\" alt=\"\" \/><\/p>\n<p><img decoding=\"async\" src=\"http:\/\/www.selfkant-online.de\/images\/2019\/06\/kaiser2\/kaiser__19-06-23_DSCF6118.jpg\" alt=\"\" \/><\/p>\n<p><img decoding=\"async\" src=\"http:\/\/www.selfkant-online.de\/images\/2019\/06\/kaiser2\/kaiser__19-06-23_DSCF6120.jpg\" alt=\"\" \/><\/p>\n<p><img decoding=\"async\" src=\"http:\/\/www.selfkant-online.de\/images\/2019\/06\/kaiser2\/kaiser__19-06-23_DSCF6122.jpg\" alt=\"\" \/><\/p>\n<p><img decoding=\"async\" src=\"http:\/\/www.selfkant-online.de\/images\/2019\/06\/kaiser2\/kaiser__19-06-23_DSCF6126.jpg\" alt=\"\" \/><\/p>\n<p><img decoding=\"async\" src=\"http:\/\/www.selfkant-online.de\/images\/2019\/06\/kaiser2\/kaiser__19-06-23_DSCF6127.jpg\" alt=\"\" \/><\/p>\n<p><img decoding=\"async\" src=\"http:\/\/www.selfkant-online.de\/images\/2019\/06\/kaiser2\/kaiser__19-06-23_DSCF6128.jpg\" alt=\"\" \/><\/p>\n<p><img decoding=\"async\" src=\"http:\/\/www.selfkant-online.de\/images\/2019\/06\/kaiser2\/kaiser__19-06-23_DSCF6132.jpg\" alt=\"\" \/><\/p>\n<p><img decoding=\"async\" src=\"http:\/\/www.selfkant-online.de\/images\/2019\/06\/kaiser2\/kaiser__19-06-23_DSCF6133.jpg\" alt=\"\" \/><\/p>\n<p><img decoding=\"async\" src=\"http:\/\/www.selfkant-online.de\/images\/2019\/06\/kaiser2\/kaiser__19-06-23_DSCF6134.jpg\" alt=\"\" \/><\/p>\n<p><img decoding=\"async\" src=\"http:\/\/www.selfkant-online.de\/images\/2019\/06\/kaiser2\/kaiser__19-06-23_DSCF6137.jpg\" alt=\"\" \/><\/p>\n<p><img decoding=\"async\" src=\"http:\/\/www.selfkant-online.de\/images\/2019\/06\/kaiser2\/kaiser__19-06-23_DSCF6142.jpg\" alt=\"\" \/><\/p>\n<p><img decoding=\"async\" src=\"http:\/\/www.selfkant-online.de\/images\/2019\/06\/kaiser2\/kaiser__19-06-23_DSCF6144.jpg\" alt=\"\" \/><\/p>\n<p><img decoding=\"async\" src=\"http:\/\/www.selfkant-online.de\/images\/2019\/06\/kaiser2\/kaiser__19-06-23_DSCF6147.jpg\" alt=\"\" \/><\/p>\n<p><img decoding=\"async\" src=\"http:\/\/www.selfkant-online.de\/images\/2019\/06\/kaiser2\/kaiser__19-06-23_DSCF6149.jpg\" alt=\"\" \/><\/p>\n<h5><\/h5>\n<h5><a href=\"http:\/\/www.schuetzen-hoengen.de\/wp-content\/uploads\/2019\/05\/Kaiserfest2_-2019-001.jpg\" data-rel=\"lightbox-image-10\" data-rl_title=\"\" data-rl_caption=\"\" title=\"\"><img loading=\"lazy\" decoding=\"async\" class=\"wp-image-11667 size-large aligncenter\" src=\"http:\/\/www.schuetzen-hoengen.de\/wp-content\/uploads\/2019\/05\/Kaiserfest2_-2019-001-724x1024.jpg\" alt=\"\" width=\"474\" height=\"670\" srcset=\"https:\/\/schuetzen-hoengen.de\/wp-content\/uploads\/2019\/05\/Kaiserfest2_-2019-001-724x1024.jpg 724w, https:\/\/schuetzen-hoengen.de\/wp-content\/uploads\/2019\/05\/Kaiserfest2_-2019-001-212x300.jpg 212w, https:\/\/schuetzen-hoengen.de\/wp-content\/uploads\/2019\/05\/Kaiserfest2_-2019-001-768x1086.jpg 768w, https:\/\/schuetzen-hoengen.de\/wp-content\/uploads\/2019\/05\/Kaiserfest2_-2019-001.jpg 1240w\" sizes=\"(max-width: 474px) 100vw, 474px\" \/><\/a>der komplette Vorbericht zum Fest unter folgendem<br \/>\nLink:\u00a0 <a href=\"http:\/\/www.tpfc.de\/index.php\/home\/aktuelles\/678-kirmesprogramm-2019-hoengen\">Kirmesprogramm\u00a0<\/a><\/h5>\n<p>&nbsp;<\/p>\n<p><a href=\"http:\/\/www.schuetzen-hoengen.de\/wp-content\/uploads\/2019\/06\/Antretezeiten2_Arbeitseinsatz_Kaiserfest-2019.jpg\" data-rel=\"lightbox-image-11\" data-rl_title=\"\" data-rl_caption=\"\" title=\"\"><img loading=\"lazy\" decoding=\"async\" class=\"alignnone wp-image-11795 size-large\" src=\"http:\/\/www.schuetzen-hoengen.de\/wp-content\/uploads\/2019\/06\/Antretezeiten2_Arbeitseinsatz_Kaiserfest-2019-732x1024.jpg\" alt=\"\" width=\"474\" height=\"663\" srcset=\"https:\/\/schuetzen-hoengen.de\/wp-content\/uploads\/2019\/06\/Antretezeiten2_Arbeitseinsatz_Kaiserfest-2019-732x1024.jpg 732w, https:\/\/schuetzen-hoengen.de\/wp-content\/uploads\/2019\/06\/Antretezeiten2_Arbeitseinsatz_Kaiserfest-2019-214x300.jpg 214w, https:\/\/schuetzen-hoengen.de\/wp-content\/uploads\/2019\/06\/Antretezeiten2_Arbeitseinsatz_Kaiserfest-2019-768x1074.jpg 768w, https:\/\/schuetzen-hoengen.de\/wp-content\/uploads\/2019\/06\/Antretezeiten2_Arbeitseinsatz_Kaiserfest-2019.jpg 1053w\" sizes=\"(max-width: 474px) 100vw, 474px\" \/><\/a><\/p>\n<p><a href=\"http:\/\/www.schuetzen-hoengen.de\/wp-content\/uploads\/2019\/06\/Arbeitsplan1-Kaiserfest-dok-001.jpg\" data-rel=\"lightbox-image-12\" data-rl_title=\"\" data-rl_caption=\"\" title=\"\"><img loading=\"lazy\" decoding=\"async\" class=\"aligncenter wp-image-11794 size-large\" src=\"http:\/\/www.schuetzen-hoengen.de\/wp-content\/uploads\/2019\/06\/Arbeitsplan1-Kaiserfest-dok-001-952x1024.jpg\" alt=\"\" width=\"474\" height=\"510\" srcset=\"https:\/\/schuetzen-hoengen.de\/wp-content\/uploads\/2019\/06\/Arbeitsplan1-Kaiserfest-dok-001-952x1024.jpg 952w, https:\/\/schuetzen-hoengen.de\/wp-content\/uploads\/2019\/06\/Arbeitsplan1-Kaiserfest-dok-001-279x300.jpg 279w, https:\/\/schuetzen-hoengen.de\/wp-content\/uploads\/2019\/06\/Arbeitsplan1-Kaiserfest-dok-001-768x826.jpg 768w, https:\/\/schuetzen-hoengen.de\/wp-content\/uploads\/2019\/06\/Arbeitsplan1-Kaiserfest-dok-001.jpg 973w\" sizes=\"(max-width: 474px) 100vw, 474px\" \/><\/a><\/p>\n<p><a href=\"http:\/\/www.schuetzen-hoengen.de\/wp-content\/uploads\/2018\/05\/banner-rumble.jpg\" data-rel=\"lightbox-image-13\" data-rl_title=\"\" data-rl_caption=\"\" title=\"\"><img loading=\"lazy\" decoding=\"async\" class=\"size-medium wp-image-10354 aligncenter\" src=\"http:\/\/www.schuetzen-hoengen.de\/wp-content\/uploads\/2018\/05\/banner-rumble-300x296.jpg\" alt=\"\" width=\"300\" height=\"296\" srcset=\"https:\/\/schuetzen-hoengen.de\/wp-content\/uploads\/2018\/05\/banner-rumble-300x296.jpg 300w, https:\/\/schuetzen-hoengen.de\/wp-content\/uploads\/2018\/05\/banner-rumble.jpg 642w\" sizes=\"(max-width: 300px) 100vw, 300px\" \/><\/a><\/p>\n<p><a href=\"http:\/\/www.schuetzen-hoengen.de\/wp-content\/uploads\/2019\/05\/flyer-kaiserfest-r\u00fcckseite.jpg\" data-rel=\"lightbox-image-14\" data-rl_title=\"\" data-rl_caption=\"\" title=\"\"><img loading=\"lazy\" decoding=\"async\" class=\"size-medium wp-image-11699 aligncenter\" src=\"http:\/\/www.schuetzen-hoengen.de\/wp-content\/uploads\/2019\/05\/flyer-kaiserfest-r\u00fcckseite-142x300.jpg\" alt=\"\" width=\"142\" height=\"300\" srcset=\"https:\/\/schuetzen-hoengen.de\/wp-content\/uploads\/2019\/05\/flyer-kaiserfest-r\u00fcckseite-142x300.jpg 142w, https:\/\/schuetzen-hoengen.de\/wp-content\/uploads\/2019\/05\/flyer-kaiserfest-r\u00fcckseite-483x1024.jpg 483w, https:\/\/schuetzen-hoengen.de\/wp-content\/uploads\/2019\/05\/flyer-kaiserfest-r\u00fcckseite.jpg 591w\" sizes=\"(max-width: 142px) 100vw, 142px\" \/><\/a><a href=\"http:\/\/www.schuetzen-hoengen.de\/wp-content\/uploads\/2019\/05\/flyer-Kaiserfest-vorderseite.jpg\" data-rel=\"lightbox-image-15\" data-rl_title=\"\" data-rl_caption=\"\" title=\"\"><img loading=\"lazy\" decoding=\"async\" class=\"alignnone size-medium wp-image-11700\" src=\"http:\/\/www.schuetzen-hoengen.de\/wp-content\/uploads\/2019\/05\/flyer-Kaiserfest-vorderseite-142x300.jpg\" alt=\"\" width=\"142\" height=\"300\" srcset=\"https:\/\/schuetzen-hoengen.de\/wp-content\/uploads\/2019\/05\/flyer-Kaiserfest-vorderseite-142x300.jpg 142w, https:\/\/schuetzen-hoengen.de\/wp-content\/uploads\/2019\/05\/flyer-Kaiserfest-vorderseite-483x1024.jpg 483w, https:\/\/schuetzen-hoengen.de\/wp-content\/uploads\/2019\/05\/flyer-Kaiserfest-vorderseite.jpg 591w\" sizes=\"(max-width: 142px) 100vw, 142px\" \/><\/a><\/p>\n<p>&nbsp;<\/p>\n<p>&nbsp;<\/p>\n<h5>das wird <a href=\"http:\/\/www.schuetzen-hoengen.de\/wp-content\/uploads\/2019\/02\/venomenal.jpg\" data-rel=\"lightbox-image-16\" data-rl_title=\"\" data-rl_caption=\"\" title=\"\"><img loading=\"lazy\" decoding=\"async\" class=\"size-full wp-image-11247 aligncenter\" src=\"http:\/\/www.schuetzen-hoengen.de\/wp-content\/uploads\/2019\/02\/venomenal.jpg\" alt=\"\" width=\"220\" height=\"61\" \/><\/a><\/h5>\n<h5>die Band wird in H\u00f6ngen \u00fcbernachten; also &#8220;Open End!!&#8221;<\/h5>\n<h5><a href=\"http:\/\/www.schuetzen-hoengen.de\/wp-content\/uploads\/2018\/06\/Kirmes-H\u00f6ngen-2018-eins-Copy.jpg\" data-rel=\"lightbox-image-17\" data-rl_title=\"\" data-rl_caption=\"\" title=\"\"><img loading=\"lazy\" decoding=\"async\" class=\"aligncenter wp-image-10387 size-full\" src=\"http:\/\/www.schuetzen-hoengen.de\/wp-content\/uploads\/2018\/06\/Kirmes-H\u00f6ngen-2018-eins-Copy.jpg\" alt=\"\" width=\"800\" height=\"534\" srcset=\"https:\/\/schuetzen-hoengen.de\/wp-content\/uploads\/2018\/06\/Kirmes-H\u00f6ngen-2018-eins-Copy.jpg 800w, https:\/\/schuetzen-hoengen.de\/wp-content\/uploads\/2018\/06\/Kirmes-H\u00f6ngen-2018-eins-Copy-300x200.jpg 300w, https:\/\/schuetzen-hoengen.de\/wp-content\/uploads\/2018\/06\/Kirmes-H\u00f6ngen-2018-eins-Copy-768x513.jpg 768w\" sizes=\"(max-width: 800px) 100vw, 800px\" \/><\/a><br \/>\nUnser\u00a0 Kaiserpaar Philipp van Hall und Jule Dohmen<\/h5>\n<h5><a href=\"http:\/\/www.schuetzen-hoengen.de\/wp-content\/uploads\/2018\/09\/IMG_1043.jpg\" data-rel=\"lightbox-image-18\" data-rl_title=\"\" data-rl_caption=\"\" title=\"\"><img loading=\"lazy\" decoding=\"async\" class=\"size-medium wp-image-10717 aligncenter\" src=\"http:\/\/www.schuetzen-hoengen.de\/wp-content\/uploads\/2018\/09\/IMG_1043-300x200.jpg\" alt=\"\" width=\"300\" height=\"200\" srcset=\"https:\/\/schuetzen-hoengen.de\/wp-content\/uploads\/2018\/09\/IMG_1043-300x200.jpg 300w, https:\/\/schuetzen-hoengen.de\/wp-content\/uploads\/2018\/09\/IMG_1043-768x512.jpg 768w, https:\/\/schuetzen-hoengen.de\/wp-content\/uploads\/2018\/09\/IMG_1043-1024x682.jpg 1024w\" sizes=\"(max-width: 300px) 100vw, 300px\" \/><\/a><\/h5>\n<p><a href=\"http:\/\/www.schuetzen-hoengen.de\/wp-content\/uploads\/2015\/04\/Vogelabschuss.jpg\" data-rel=\"lightbox-image-19\" data-rl_title=\"\" data-rl_caption=\"\" title=\"\"><img loading=\"lazy\" decoding=\"async\" class=\"size-medium wp-image-9254 aligncenter\" src=\"http:\/\/www.schuetzen-hoengen.de\/wp-content\/uploads\/2015\/04\/Vogelabschuss-300x199.jpg\" alt=\"\" width=\"300\" height=\"199\" srcset=\"https:\/\/schuetzen-hoengen.de\/wp-content\/uploads\/2015\/04\/Vogelabschuss-300x199.jpg 300w, https:\/\/schuetzen-hoengen.de\/wp-content\/uploads\/2015\/04\/Vogelabschuss.jpg 509w\" sizes=\"(max-width: 300px) 100vw, 300px\" \/><\/a><\/p>\n<h5><a href=\"http:\/\/www.schuetzen-hoengen.de\/wp-content\/uploads\/2019\/05\/IMG_3498.jpg\" data-rel=\"lightbox-image-20\" data-rl_title=\"\" data-rl_caption=\"\" title=\"\"><img loading=\"lazy\" decoding=\"async\" class=\"aligncenter wp-image-11703 size-large\" src=\"http:\/\/www.schuetzen-hoengen.de\/wp-content\/uploads\/2019\/05\/IMG_3498-1024x690.jpg\" alt=\"\" width=\"474\" height=\"319\" srcset=\"https:\/\/schuetzen-hoengen.de\/wp-content\/uploads\/2019\/05\/IMG_3498-1024x690.jpg 1024w, https:\/\/schuetzen-hoengen.de\/wp-content\/uploads\/2019\/05\/IMG_3498-300x202.jpg 300w, https:\/\/schuetzen-hoengen.de\/wp-content\/uploads\/2019\/05\/IMG_3498-768x517.jpg 768w, https:\/\/schuetzen-hoengen.de\/wp-content\/uploads\/2019\/05\/IMG_3498.jpg 1433w\" sizes=\"(max-width: 474px) 100vw, 474px\" \/><\/a>so fing Alles an!!!<\/h5>\n<h5><\/h5>\n<p><a href=\"http:\/\/www.schuetzen-hoengen.de\/wp-content\/uploads\/2019\/02\/venomenal.jpg\" data-rel=\"lightbox-image-16\" data-rl_title=\"\" data-rl_caption=\"\" title=\"\"><img loading=\"lazy\" decoding=\"async\" class=\"size-full wp-image-11247 aligncenter\" src=\"http:\/\/www.schuetzen-hoengen.de\/wp-content\/uploads\/2019\/02\/venomenal.jpg\" alt=\"\" width=\"220\" height=\"61\" \/><\/a><\/p>\n<h4>VENNomenal ist ph\u00e4nomenal!<\/h4>\n<p><a href=\"http:\/\/www.schuetzen-hoengen.de\/wp-content\/uploads\/2019\/03\/Vennomenal2.jpg\" data-rel=\"lightbox-image-22\" data-rl_title=\"\" data-rl_caption=\"\" title=\"\"><img loading=\"lazy\" decoding=\"async\" class=\"aligncenter wp-image-11328 size-full\" src=\"http:\/\/www.schuetzen-hoengen.de\/wp-content\/uploads\/2019\/03\/Vennomenal2.jpg\" alt=\"\" width=\"780\" height=\"199\" srcset=\"https:\/\/schuetzen-hoengen.de\/wp-content\/uploads\/2019\/03\/Vennomenal2.jpg 780w, https:\/\/schuetzen-hoengen.de\/wp-content\/uploads\/2019\/03\/Vennomenal2-300x77.jpg 300w, https:\/\/schuetzen-hoengen.de\/wp-content\/uploads\/2019\/03\/Vennomenal2-768x196.jpg 768w\" sizes=\"(max-width: 780px) 100vw, 780px\" \/><\/a><\/p>\n<p>VENNomenal &#8211; das sind ein gutes Dutzend junger Musiker und eine Eva &#8211; alle aus der sch\u00f6nen Nordeifel! Das Bekenntnis zu ihrer Heimat am Rande des Hohen Venn war die Basis f\u00fcr die Namensgebung der &#8220;etwas anderen Band&#8221;, wie VENNomenal auch oftmals genannt wird.<\/p>\n<p>Ph\u00e4nomenal ist die Musik der jungen Band! Mit ihrem vollen, durch die zahlreichen Blasinstrumente gepr\u00e4gten Sound kann VENNomenal immer wieder \u00fcberzeugen. Mit flotten Rhythmen bringt die Band jeden Saal zum kochen. Zum Repertoire geh\u00f6rt dabei &#8220;alles, was Spa\u00df macht&#8221;.<\/p>\n<p>Dass der Spa\u00df an der Musik wohl der Motor von VENNomenal ist, wird jeder best\u00e4tigen, der die jungen Musiker live erlebt hat. Wer es noch nicht erlebt hat, der sollte das schon bald nachholen und dabei sicher auch zu der Feststellung kommen: VENNomenal ist ph\u00e4nomenal!<\/p>\n<\/div>\n<\/div>\n","protected":false},"excerpt":{"rendered":"<p>Wir sind Kaiser!! Grandioses Kaiserfest in H\u00f6ngen &nbsp; ein Traum in wei\u00df &nbsp; unser Kaiserpaar Philipp van Hall und Jule Dohmen H\u00f6hepunkt der Festaufzug Sonntag Zuvor Samstag der Kaiserball, der noch lange in Erinnerung bleiben wird; mit einem Kaiserwalzer, den man nicht mehr toppen kann!! Im Anschluss liess es die Band so richtig krachen !! &hellip; <a href=\"https:\/\/schuetzen-hoengen.de\/index.php\/veranstaltungen-2\/1-veranstaltungen-2019\/kaiserfest-2\/\" class=\"more-link\"><span class=\"screen-reader-text\">Kaiserfest<\/span> weiterlesen <span class=\"meta-nav\">&rarr;<\/span><\/a><\/p>\n","protected":false},"author":3,"featured_media":0,"parent":11133,"menu_order":0,"comment_status":"closed","ping_status":"closed","template":"","meta":{"footnotes":""},"_links":{"self":[{"href":"https:\/\/schuetzen-hoengen.de\/index.php\/wp-json\/wp\/v2\/pages\/11882"}],"collection":[{"href":"https:\/\/schuetzen-hoengen.de\/index.php\/wp-json\/wp\/v2\/pages"}],"about":[{"href":"https:\/\/schuetzen-hoengen.de\/index.php\/wp-json\/wp\/v2\/types\/page"}],"author":[{"embeddable":true,"href":"https:\/\/schuetzen-hoengen.de\/index.php\/wp-json\/wp\/v2\/users\/3"}],"replies":[{"embeddable":true,"href":"https:\/\/schuetzen-hoengen.de\/index.php\/wp-json\/wp\/v2\/comments?post=11882"}],"version-history":[{"count":8,"href":"https:\/\/schuetzen-hoengen.de\/index.php\/wp-json\/wp\/v2\/pages\/11882\/revisions"}],"predecessor-version":[{"id":12790,"href":"https:\/\/schuetzen-hoengen.de\/index.php\/wp-json\/wp\/v2\/pages\/11882\/revisions\/12790"}],"up":[{"embeddable":true,"href":"https:\/\/schuetzen-hoengen.de\/index.php\/wp-json\/wp\/v2\/pages\/11133"}],"wp:attachment":[{"href":"https:\/\/schuetzen-hoengen.de\/index.php\/wp-json\/wp\/v2\/media?parent=11882"}],"curies":[{"name":"wp","href":"https:\/\/api.w.org\/{rel}","templated":true}]}}