{"id":1498,"date":"2015-12-08T11:47:40","date_gmt":"2015-12-08T10:47:40","guid":{"rendered":"http:\/\/www.schuetzen-hoengen.de\/?page_id=1498"},"modified":"2016-12-30T19:46:12","modified_gmt":"2016-12-30T18:46:12","slug":"prunkkirmes-2014","status":"publish","type":"page","link":"https:\/\/schuetzen-hoengen.de\/index.php\/veranstaltungen-2\/veranstaltungen-2014\/prunkkirmes-2014\/","title":{"rendered":"Prunkkirmes 2014"},"content":{"rendered":"<h4>H\u00f6ngen erlebt eine z\u00fcnftige Prunkkirmes<\/h4>\n<h4><\/h4>\n<h4>K\u00f6nigspaar Franz u. Mia Hensgens standen<br \/>\nim Mittelpunkt<\/h4>\n<p><a href=\"http:\/\/www.schuetzen-hoengen.de\/wp-content\/uploads\/2015\/12\/IMGP2762-Copy.jpg\" data-rel=\"lightbox-image-0\" data-rl_title=\"\" data-rl_caption=\"\" title=\"\"><img loading=\"lazy\" decoding=\"async\" class=\"size-medium wp-image-6380 aligncenter\" src=\"http:\/\/www.schuetzen-hoengen.de\/wp-content\/uploads\/2015\/12\/Bild_K\u00f6nigspaar-Copy-300x201.jpg\" alt=\"bild_koenigspaar-copy\" width=\"300\" height=\"201\" \/><img loading=\"lazy\" decoding=\"async\" class=\"size-medium wp-image-6508 aligncenter\" src=\"http:\/\/www.schuetzen-hoengen.de\/wp-content\/uploads\/2015\/12\/IMGP2762-Copy-300x200.jpg\" alt=\"imgp2762-copy\" width=\"300\" height=\"200\" \/><\/a> <a href=\"http:\/\/www.schuetzen-hoengen.de\/wp-content\/uploads\/2015\/12\/IMGP2736-Copy.jpg\" data-rel=\"lightbox-image-1\" data-rl_title=\"\" data-rl_caption=\"\" title=\"\"><img loading=\"lazy\" decoding=\"async\" class=\"size-medium wp-image-6509 aligncenter\" src=\"http:\/\/www.schuetzen-hoengen.de\/wp-content\/uploads\/2015\/12\/IMGP2736-Copy-300x201.jpg\" alt=\"imgp2736-copy\" width=\"300\" height=\"201\" \/><\/a>Selfkant-H\u00f6ngen. In H\u00f6ngen wurde z\u00fcnftig die Prunkkirmes gefeiert. Erstmals veranstalteten das Trommler-, Pfeifer- und Fanfarencorps und die St.-Johannes-Baptist-Sch\u00fctzenbruderschaft gemeinsam die Kirmes. Alle Veranstaltungen fanden im Festzelt statt.<\/p>\n<div>\n<p>Den Auftakt machte die Kultfete \u201eRumble\u201c. Mit der gestrandeten \u201eBlack Pearl\u201c , dem Motto \u201ePirates in the jungle\u201c und passenden Getr\u00e4nken an der Schiffsbar war in diesem Jahr f\u00fcr karibisches Flair am und im Festzelt gesorgt.<\/p>\n<p>Einer der H\u00f6hepunkt der Kirmes war der K\u00f6nigsball. Dazu hatte das K\u00f6nigspaar Franz und Mia Hensgens in das Festzelt eingeladen. F\u00fcr tolle Stimmung sorgte die Coverband Alive.<\/p>\n<\/div>\n<div><\/div>\n<div><a href=\"http:\/\/www.schuetzen-hoengen.de\/wp-content\/uploads\/2015\/11\/IMGP1447.jpg\" data-rel=\"lightbox-image-2\" data-rl_title=\"\" data-rl_caption=\"\" title=\"\"><img loading=\"lazy\" decoding=\"async\" class=\"size-medium wp-image-1479 aligncenter\" src=\"http:\/\/www.schuetzen-hoengen.de\/wp-content\/uploads\/2015\/11\/IMGP1447-300x201.jpg\" alt=\"IMGP1447\" width=\"300\" height=\"201\" \/><\/a><\/div>\n<div style=\"text-align: center;\">Abholen des K\u00f6nigspaares zum K\u00f6nigsball<\/div>\n<div><a href=\"http:\/\/www.schuetzen-hoengen.de\/wp-content\/uploads\/2015\/11\/IMGP1829.jpg\" data-rel=\"lightbox-image-3\" data-rl_title=\"\" data-rl_caption=\"\" title=\"\"><img loading=\"lazy\" decoding=\"async\" class=\"size-medium wp-image-1486 aligncenter\" src=\"http:\/\/www.schuetzen-hoengen.de\/wp-content\/uploads\/2015\/11\/IMGP1829-201x300.jpg\" alt=\"IMGP1829\" width=\"201\" height=\"300\" \/><\/a><\/div>\n<div style=\"text-align: center;\"><a href=\"http:\/\/www.schuetzen-hoengen.de\/wp-content\/uploads\/2015\/11\/IMGP1686.jpg\" data-rel=\"lightbox-image-4\" data-rl_title=\"\" data-rl_caption=\"\" title=\"\"><img loading=\"lazy\" decoding=\"async\" class=\"size-medium wp-image-1482 aligncenter\" src=\"http:\/\/www.schuetzen-hoengen.de\/wp-content\/uploads\/2015\/11\/IMGP1686-300x201.jpg\" alt=\"IMGP1686\" width=\"300\" height=\"201\" \/><\/a>K\u00f6nigsball &#8211; K\u00f6nigswalzer<\/div>\n<div style=\"text-align: center;\"><\/div>\n<div style=\"text-align: left;\">\n<p>Tags drauf startete der gro\u00dfe Umzug durch H\u00f6ngen. Dazu wurde das K\u00f6nigspaar am von der Nachbarschaft pr\u00e4chtig geschm\u00fcckten Haus vom Trommler-, Pfeifer- und Fanfarencorps H\u00f6ngen, dem Musikverein St. Gregorius Saeffelen und der Sch\u00fctzenbruderschaft abgeholt. Nach dem Festaufzug fand die Parade zu Ehren des K\u00f6nigspaares am Prunkweg statt.<\/p>\n<\/div>\n<div style=\"text-align: left;\"><\/div>\n<div style=\"text-align: center;\"><a href=\"http:\/\/www.schuetzen-hoengen.de\/wp-content\/uploads\/2015\/11\/IMGP1877.jpg\" data-rel=\"lightbox-image-5\" data-rl_title=\"\" data-rl_caption=\"\" title=\"\"><img loading=\"lazy\" decoding=\"async\" class=\"size-medium wp-image-1487 aligncenter\" src=\"http:\/\/www.schuetzen-hoengen.de\/wp-content\/uploads\/2015\/11\/IMGP1877-300x200.jpg\" alt=\"IMGP1877\" width=\"300\" height=\"200\" \/><\/a>Parade auf dem Prunkweg<\/div>\n<div style=\"text-align: center;\"><\/div>\n<div>\n<p>Huldigung der Majest\u00e4tenIm Anschluss an die pr\u00e4chtige und sehenswerte Parade luden die Veranstalter zur K\u00f6nigshuldigung sowie zu Kaffee und Kuchen ins Festzelt ein. Musikalisch wurde dieser Nachmittag von der DHF-Band gestaltet.<\/p>\n<\/div>\n<div><\/div>\n<div style=\"text-align: center;\"><a href=\"http:\/\/www.schuetzen-hoengen.de\/wp-content\/uploads\/2015\/11\/IMGP1526.jpg\" data-rel=\"lightbox-image-6\" data-rl_title=\"\" data-rl_caption=\"\" title=\"\"><img loading=\"lazy\" decoding=\"async\" class=\"size-medium wp-image-1481 aligncenter\" src=\"http:\/\/www.schuetzen-hoengen.de\/wp-content\/uploads\/2015\/11\/IMGP1526-300x200.jpg\" alt=\"IMGP1526\" width=\"300\" height=\"200\" \/><\/a>K\u00f6nigspaar mit der Rasselbande<\/div>\n<div><\/div>\n<div style=\"text-align: center;\">\n<p><a href=\"http:\/\/www.schuetzen-hoengen.de\/wp-content\/uploads\/2015\/11\/IMGP1926.jpg\" data-rel=\"lightbox-image-7\" data-rl_title=\"\" data-rl_caption=\"\" title=\"\"><img loading=\"lazy\" decoding=\"async\" class=\"size-medium wp-image-1490 aligncenter\" src=\"http:\/\/www.schuetzen-hoengen.de\/wp-content\/uploads\/2015\/11\/IMGP1926-300x201.jpg\" alt=\"IMGP1926\" width=\"300\" height=\"201\" \/><\/a>der F\u00e4hnrich erh\u00e4lt das Fahnenband<\/p>\n<\/div>\n<div><\/div>\n<div style=\"text-align: center;\"><a href=\"http:\/\/www.schuetzen-hoengen.de\/wp-content\/uploads\/2015\/11\/IMGP1921.jpg\" data-rel=\"lightbox-image-8\" data-rl_title=\"\" data-rl_caption=\"\" title=\"\"><img loading=\"lazy\" decoding=\"async\" class=\"size-medium wp-image-1489 aligncenter\" src=\"http:\/\/www.schuetzen-hoengen.de\/wp-content\/uploads\/2015\/11\/IMGP1921-300x201.jpg\" alt=\"IMGP1921\" width=\"300\" height=\"201\" \/><\/a>weil wir doch so gerne Walzer tanzen<\/div>\n<div style=\"text-align: center;\"><\/div>\n<div><\/div>\n<div><\/div>\n<div>Montag\u00a0\u00a0\u00a0 Wecken &#8211; Fr\u00fchst\u00fcck und Kirmesausklang<\/div>\n<div><\/div>\n<div style=\"text-align: center;\"><a href=\"http:\/\/www.schuetzen-hoengen.de\/wp-content\/uploads\/2015\/11\/P1020210.jpg\" data-rel=\"lightbox-image-9\" data-rl_title=\"\" data-rl_caption=\"\" title=\"\"><img loading=\"lazy\" decoding=\"async\" class=\"size-medium wp-image-1492 aligncenter\" src=\"http:\/\/www.schuetzen-hoengen.de\/wp-content\/uploads\/2015\/11\/P1020210-300x225.jpg\" alt=\"P1020210\" width=\"300\" height=\"225\" \/><\/a>bei bester Witterung immer wieder sch\u00f6n!!!<\/div>\n<div style=\"text-align: center;\"><\/div>\n<div><a href=\"http:\/\/www.schuetzen-hoengen.de\/wp-content\/uploads\/2015\/11\/P1020204.jpg\" data-rel=\"lightbox-image-10\" data-rl_title=\"\" data-rl_caption=\"\" title=\"\"><img loading=\"lazy\" decoding=\"async\" class=\"size-medium wp-image-1491 aligncenter\" src=\"http:\/\/www.schuetzen-hoengen.de\/wp-content\/uploads\/2015\/11\/P1020204-300x225.jpg\" alt=\"P1020204\" width=\"300\" height=\"225\" \/><\/a><\/div>\n<div>Sch\u00fctzenbruderschaft und Trommlercorps konnten auf eine gelungene Premiere zur\u00fcckblicken. Erstmalige waren die beiden Vereine Ausrichter der Kirmes. \u00a0&gt; Fortsetzung 2016<\/div>\n<div><\/div>\n<h3 style=\"text-align: center;\">\u00a0Laudatio<\/h3>\n<h3 style=\"text-align: center;\">Auf das K\u00f6nigspaar<\/h3>\n<h3 style=\"text-align: center;\">Franz und Mia Hensgens<\/h3>\n<h3 style=\"text-align: center;\">Anno Domini 2014<\/h3>\n<p>Im 2. Pontifikat des Papstes Franziskus,<br \/>\nHeinrich Mussinghoff ist Bischof von Aachen<br \/>\nund Pastor Ralf Schl\u00f6sser Pr\u00e4ses der Bruderschaft.<\/p>\n<p>Michael Gauck ist Pr\u00e4sident der Bundesrepublik Deutschland,<br \/>\nBundeskanzlerin ist Angela Merkel,<br \/>\nHannelore Kraft regiert das Land Nordrhein \u2013 Westfalen.<br \/>\nB\u00fcrgermeister der Gemeinde Selfkant ist Herbert Corsten.<\/p>\n<p>Pr\u00e4sident Leo Keulen, Sch\u00fctzenmeisterin Berthold Conen,<br \/>\nKassierer Franz Hensgens und Kommandant Karl-Heinz Welter f\u00fchren die St. Johannes Baptist Sch\u00fctzenbruderschaft H\u00f6ngen.<\/p>\n<p>Im Jahre 1984 trat unser Sch\u00fctzenk\u00f6nig Franz als Sp\u00e4tberufener in die Sch\u00fctzenbruderschaft ein. Nach dem letzten Sch\u00fctzenfest wechselte er in das Offizierscorps im Range eines Leutnants als Adjutant und nun, im Jahre 2014, konnte er die K\u00f6nigsw\u00fcrde erringen.<\/p>\n<p>Das er einmal K\u00f6nig werden w\u00fcrde, dass war uns Allen klar. Doch in diesem Jahr, wo sich bei der Familie Hensgens die Ereignisse \u00fcberschlugen hatte keiner damit gerechnet. Doch Franz hat eben ein<br \/>\nHelfersyndrom. Als Offizier, wo der Helm erst am dritten Kirmestag<br \/>\npasst oder man pl\u00f6tzlich Kassierer ist, dann darf der K\u00f6nig auch nicht fehlen.<\/p>\n<p>Seine wahre Leidenschaft geh\u00f6rt aber dem TTC H\u00f6ngen, wo er als Spieler der Zweiten Mannschaft an der Platte steht. Als 2. Vorsitzender ist er auch beim TTC Ortsturnier als Organisator in vorderster Front mit dabei.<\/p>\n<p>Mantafahren hat er in H\u00f6ngen hoff\u00e4hig gemacht. Er war auch Mitglied der legend\u00e4ren Tuppers und leidenschaftlicher Discobesucher im In- und Ausland, dabei lernte er Mia kennen.<br \/>\nNach hartn\u00e4ckigem Werben von Franz, gab Mia endlich nach.<\/p>\n<p>So ist es ihnen bis heute wichtig, den Hochzeitstag, in einem w\u00fcrdigen Rahmen zu begehen. Sei es auch nur ein Ausflug ins Gartencenter mit anschlie\u00dfendem Brunch bei der SPD.<\/p>\n<p>Beide sind Mitglied im Kegelclub der Selten Eins, gef\u00fchlte 50 Jahre besteht er schon.<br \/>\nJ\u00e4hrliches Highlight ist sicher der Pfingstausflug. Ist man Reif f\u00fcr die Insel \u2013 und hat man Lust geht es ab nach Buitelust.<\/p>\n<p>Feste Gr\u00f6\u00dfen sind Sie auch im H\u00f6ngener Karneval, wobei Mia das Medium -Tetra Pack- immer besonders Werbewirksam einsetzt.<br \/>\nMia, ist Mitglied der legend\u00e4ren Rasselbande, die bei den zur\u00fcckliegenden Kappensitzungen zu den Highlights geh\u00f6rten und \u00fcber die Grenzen hinaus bekannt waren.<\/p>\n<p>Sie \u00fcberrascht aber immer wieder auch als Einzelk\u00e4mpferin beim H\u00f6ngener Stra\u00dfenkarneval mit oder ohne Franz, nat\u00fcrlich Franz dann mit Irokessenper\u00fccke, mit aktuellen Themen \u2013 sege see.<\/p>\n<p>Beide sind im H\u00f6ngen Vereinsleben fest verwurzelt, wobei Mia bestens vernetzt ist. Sie braucht kein Notbook oder Wats Apps &#8211; ein Klappkalender tut es auch. Brauchen wir Email? Nein &#8211; Postits und Kugelschreiber reichen auch zur sicheren Daten\u00fcbertragung.<\/p>\n<p>Mia managt, so kann man sagen &#8211; ein besonders erfolgreiches Familienunternehmen, das haben die zur\u00fcckliegenden Wochen gezeigt. Mann, drei Kinder, drei Schwiegerkinder, Enkelkind Janosch, Leni und der neue Schwimmingpool, den man in diesem Jahr, aufgrund der Reiz\u00fcberflutung, noch nicht aufbauen konnte.<\/p>\n<p>Doch nun wollen wir zum Ende kommen.<\/p>\n<p>Bleibt wie ihr seid. Wir die Sch\u00fctzenbruderschaft, aber sicher auch alle Anwesenden, w\u00fcnschen Euch f\u00fcr eure Regentschaft alles Gute.<\/p>\n<p>Zum Abschluss wollen wir unser K\u00f6nigspaar hochleben lassen.<\/p>\n<p>Das K\u00f6nigspaar<br \/>\nEs lebe Hoch: zum 1. Male hoch, zum 2. Male hoch und zum 3. Male hoch<\/p>\n","protected":false},"excerpt":{"rendered":"<p>H\u00f6ngen erlebt eine z\u00fcnftige Prunkkirmes K\u00f6nigspaar Franz u. Mia Hensgens standen im Mittelpunkt Selfkant-H\u00f6ngen. In H\u00f6ngen wurde z\u00fcnftig die Prunkkirmes gefeiert. Erstmals veranstalteten das Trommler-, Pfeifer- und Fanfarencorps und die St.-Johannes-Baptist-Sch\u00fctzenbruderschaft gemeinsam die Kirmes. Alle Veranstaltungen fanden im Festzelt statt. Den Auftakt machte die Kultfete \u201eRumble\u201c. Mit der gestrandeten \u201eBlack Pearl\u201c , dem Motto \u201ePirates &hellip; <a href=\"https:\/\/schuetzen-hoengen.de\/index.php\/veranstaltungen-2\/veranstaltungen-2014\/prunkkirmes-2014\/\" class=\"more-link\"><span class=\"screen-reader-text\">Prunkkirmes 2014<\/span> weiterlesen <span class=\"meta-nav\">&rarr;<\/span><\/a><\/p>\n","protected":false},"author":2,"featured_media":0,"parent":860,"menu_order":0,"comment_status":"closed","ping_status":"closed","template":"","meta":{"footnotes":""},"_links":{"self":[{"href":"https:\/\/schuetzen-hoengen.de\/index.php\/wp-json\/wp\/v2\/pages\/1498"}],"collection":[{"href":"https:\/\/schuetzen-hoengen.de\/index.php\/wp-json\/wp\/v2\/pages"}],"about":[{"href":"https:\/\/schuetzen-hoengen.de\/index.php\/wp-json\/wp\/v2\/types\/page"}],"author":[{"embeddable":true,"href":"https:\/\/schuetzen-hoengen.de\/index.php\/wp-json\/wp\/v2\/users\/2"}],"replies":[{"embeddable":true,"href":"https:\/\/schuetzen-hoengen.de\/index.php\/wp-json\/wp\/v2\/comments?post=1498"}],"version-history":[{"count":10,"href":"https:\/\/schuetzen-hoengen.de\/index.php\/wp-json\/wp\/v2\/pages\/1498\/revisions"}],"predecessor-version":[{"id":6510,"href":"https:\/\/schuetzen-hoengen.de\/index.php\/wp-json\/wp\/v2\/pages\/1498\/revisions\/6510"}],"up":[{"embeddable":true,"href":"https:\/\/schuetzen-hoengen.de\/index.php\/wp-json\/wp\/v2\/pages\/860"}],"wp:attachment":[{"href":"https:\/\/schuetzen-hoengen.de\/index.php\/wp-json\/wp\/v2\/media?parent=1498"}],"curies":[{"name":"wp","href":"https:\/\/api.w.org\/{rel}","templated":true}]}}