{"id":1770,"date":"2016-02-10T18:41:57","date_gmt":"2016-02-10T17:41:57","guid":{"rendered":"http:\/\/www.schuetzen-hoengen.de\/?page_id=1770"},"modified":"2020-03-26T18:26:45","modified_gmt":"2020-03-26T17:26:45","slug":"550-jahrfeier","status":"publish","type":"page","link":"https:\/\/schuetzen-hoengen.de\/index.php\/historisches\/550-jahrfeier\/","title":{"rendered":"550 Jahrfeier"},"content":{"rendered":"<p>&nbsp;<\/p>\n<table style=\"height: 1079px;\" border=\"0\" width=\"474\" cellspacing=\"0\" cellpadding=\"0\" align=\"center\">\n<tbody>\n<tr>\n<td class=\"content\" style=\"text-align: left;\" align=\"left\" valign=\"bottom\" width=\"870\">\n<h5><\/h5>\n<p>&nbsp;<\/p>\n<table style=\"height: 1079px;\" border=\"0\" width=\"474\" cellspacing=\"0\" cellpadding=\"0\" align=\"center\">\n<tbody>\n<tr>\n<td class=\"content\" style=\"text-align: left;\" align=\"left\" valign=\"bottom\" width=\"870\">\n<h4 style=\"text-align: center;\"><a href=\"http:\/\/www.schuetzen-hoengen.de\/wp-content\/uploads\/2015\/04\/550-Sch\u00fctzenbruderschaft-Copy.jpg\" data-rel=\"lightbox-image-0\" data-rl_title=\"\" data-rl_caption=\"\" title=\"\"><img loading=\"lazy\" decoding=\"async\" class=\"alignnone wp-image-5597 \" src=\"http:\/\/www.schuetzen-hoengen.de\/wp-content\/uploads\/2015\/04\/550-Sch\u00fctzenbruderschaft-Copy.jpg\" alt=\"550-schuetzenbruderschaft-copy\" width=\"572\" height=\"395\" srcset=\"https:\/\/schuetzen-hoengen.de\/wp-content\/uploads\/2015\/04\/550-Sch\u00fctzenbruderschaft-Copy.jpg 800w, https:\/\/schuetzen-hoengen.de\/wp-content\/uploads\/2015\/04\/550-Sch\u00fctzenbruderschaft-Copy-300x207.jpg 300w, https:\/\/schuetzen-hoengen.de\/wp-content\/uploads\/2015\/04\/550-Sch\u00fctzenbruderschaft-Copy-768x531.jpg 768w\" sizes=\"(max-width: 572px) 100vw, 572px\" \/><\/a><\/h4>\n<h4 style=\"text-align: center;\">K\u00f6nigspaar Ulrich und Marianne Trepels<br \/>\nstanden im Mittelpunkt<\/h4>\n<p>&nbsp;<\/p>\n<hr \/>\n<h4 style=\"text-align: center;\"><a href=\"http:\/\/www.schuetzen-hoengen.de\/wp-content\/uploads\/2015\/04\/550-Jahrfeier.jpg\" rel=\"attachment wp-att-1730\" data-rel=\"lightbox-image-1\" data-rl_title=\"\" data-rl_caption=\"\" title=\"\"><img loading=\"lazy\" decoding=\"async\" class=\"wp-image-1730 aligncenter\" src=\"http:\/\/www.schuetzen-hoengen.de\/wp-content\/uploads\/2015\/04\/550-Jahrfeier-290x300.jpg\" alt=\"550 Jahrfeier\" width=\"265\" height=\"274\" srcset=\"https:\/\/schuetzen-hoengen.de\/wp-content\/uploads\/2015\/04\/550-Jahrfeier-290x300.jpg 290w, https:\/\/schuetzen-hoengen.de\/wp-content\/uploads\/2015\/04\/550-Jahrfeier-768x794.jpg 768w, https:\/\/schuetzen-hoengen.de\/wp-content\/uploads\/2015\/04\/550-Jahrfeier-991x1024.jpg 991w\" sizes=\"(max-width: 265px) 100vw, 265px\" \/><\/a><\/h4>\n<h4 style=\"text-align: center;\">In Erinnerung an Leo Heinen<\/h4>\n<h4 style=\"text-align: center;\">Schirmherr Fest 2006<\/h4>\n<p>&nbsp;<\/p>\n<h5 style=\"text-align: center;\"><a href=\"http:\/\/www.schuetzen-hoengen.de\/wp-content\/uploads\/2016\/02\/Kloster.jpg\" data-rel=\"lightbox-image-2\" data-rl_title=\"\" data-rl_caption=\"\" title=\"\"><img loading=\"lazy\" decoding=\"async\" class=\" wp-image-7655 aligncenter\" src=\"http:\/\/www.schuetzen-hoengen.de\/wp-content\/uploads\/2016\/02\/Kloster.jpg\" alt=\"\" width=\"270\" height=\"270\" srcset=\"https:\/\/schuetzen-hoengen.de\/wp-content\/uploads\/2016\/02\/Kloster.jpg 223w, https:\/\/schuetzen-hoengen.de\/wp-content\/uploads\/2016\/02\/Kloster-150x150.jpg 150w\" sizes=\"(max-width: 270px) 100vw, 270px\" \/><\/a>Klostertaler sorgten f\u00fcr\u00a0 Stimmung<\/h5>\n<h5 style=\"text-align: center;\">G\u00e4ste aus Frankreich, Belgien und<br \/>\nden Niederlanden zu Gast<br \/>\nSchiesswettbewerbe<\/h5>\n<p>&nbsp;<\/p>\n<p><a href=\"http:\/\/www.schuetzen-hoengen.de\/wp-content\/uploads\/2016\/02\/Trepels-Copy.jpg\" data-rel=\"lightbox-image-3\" data-rl_title=\"\" data-rl_caption=\"\" title=\"\"><img loading=\"lazy\" decoding=\"async\" class=\"size-medium wp-image-7628 aligncenter\" src=\"http:\/\/www.schuetzen-hoengen.de\/wp-content\/uploads\/2016\/02\/Trepels-Copy-300x200.jpg\" alt=\"\" width=\"300\" height=\"200\" srcset=\"https:\/\/schuetzen-hoengen.de\/wp-content\/uploads\/2016\/02\/Trepels-Copy-300x200.jpg 300w, https:\/\/schuetzen-hoengen.de\/wp-content\/uploads\/2016\/02\/Trepels-Copy-768x512.jpg 768w, https:\/\/schuetzen-hoengen.de\/wp-content\/uploads\/2016\/02\/Trepels-Copy.jpg 800w\" sizes=\"(max-width: 300px) 100vw, 300px\" \/><\/a><\/p>\n<h5 style=\"text-align: center;\">K\u00f6nigspaar Ulrich und Marianne Trepels<\/h5>\n<h5>Vom 15. \u2013 18. September 2016 feierte die St. Johannes Baptist Sch\u00fctzenbruderschaft H\u00f6ngen 550 Jahre Sch\u00fctzenwesen in H\u00f6ngen.<\/h5>\n<p><strong><span style=\"text-decoration: underline;\">Auftakt der Festabend<\/span><\/strong><\/p>\n<p style=\"text-align: center;\"><a href=\"http:\/\/www.schuetzen-hoengen.de\/wp-content\/uploads\/2016\/02\/IMG_1963-Copy.jpg\" data-rel=\"lightbox-image-4\" data-rl_title=\"\" data-rl_caption=\"\" title=\"\"><img loading=\"lazy\" decoding=\"async\" class=\"size-medium wp-image-7625 aligncenter\" src=\"http:\/\/www.schuetzen-hoengen.de\/wp-content\/uploads\/2016\/02\/IMG_1963-Copy-300x225.jpg\" alt=\"\" width=\"300\" height=\"225\" srcset=\"https:\/\/schuetzen-hoengen.de\/wp-content\/uploads\/2016\/02\/IMG_1963-Copy-300x225.jpg 300w, https:\/\/schuetzen-hoengen.de\/wp-content\/uploads\/2016\/02\/IMG_1963-Copy-768x576.jpg 768w, https:\/\/schuetzen-hoengen.de\/wp-content\/uploads\/2016\/02\/IMG_1963-Copy.jpg 800w\" sizes=\"(max-width: 300px) 100vw, 300px\" \/><\/a>Schirmherr Leo Heinen\u00a0 stellt sein Programmheft vor<\/p>\n<p style=\"text-align: center;\"><a href=\"http:\/\/www.schuetzen-hoengen.de\/wp-content\/uploads\/2016\/02\/IMG_1973-Copy.jpg\" data-rel=\"lightbox-image-5\" data-rl_title=\"\" data-rl_caption=\"\" title=\"\"><img loading=\"lazy\" decoding=\"async\" class=\"alignnone size-medium wp-image-7631\" src=\"http:\/\/www.schuetzen-hoengen.de\/wp-content\/uploads\/2016\/02\/IMG_1973-Copy-300x225.jpg\" alt=\"\" width=\"300\" height=\"225\" srcset=\"https:\/\/schuetzen-hoengen.de\/wp-content\/uploads\/2016\/02\/IMG_1973-Copy-300x225.jpg 300w, https:\/\/schuetzen-hoengen.de\/wp-content\/uploads\/2016\/02\/IMG_1973-Copy-768x576.jpg 768w, https:\/\/schuetzen-hoengen.de\/wp-content\/uploads\/2016\/02\/IMG_1973-Copy.jpg 800w\" sizes=\"(max-width: 300px) 100vw, 300px\" \/><\/a><\/p>\n<p style=\"text-align: center;\">Festzelt 1000 m\u00b2 gro\u00df<\/p>\n<p>Den Auftakt bildete der Gro\u00dfe Festabend, mitgestaltet vom M\u00e4nnergesangverein St. Josef, dem Pfarrkirchenchor St. C\u00e4cilia und dem Trommler-, Pfeifer-, und Fanfarencorps. Die letzten 550 Jahre Sch\u00fctzenwesen lie\u00df man an diesem Abend Revue passieren.<\/p>\n<p><a href=\"http:\/\/www.schuetzen-hoengen.de\/wp-content\/uploads\/2015\/04\/Vorderseite-Programm-550-Copy.jpg\" data-rel=\"lightbox-image-6\" data-rl_title=\"\" data-rl_caption=\"\" title=\"\"><img loading=\"lazy\" decoding=\"async\" class=\"wp-image-5599 size-full aligncenter\" src=\"http:\/\/www.schuetzen-hoengen.de\/wp-content\/uploads\/2015\/04\/Vorderseite-Programm-550-Copy.jpg\" alt=\"vorderseite-programm-550-copy\" width=\"423\" height=\"600\" srcset=\"https:\/\/schuetzen-hoengen.de\/wp-content\/uploads\/2015\/04\/Vorderseite-Programm-550-Copy.jpg 423w, https:\/\/schuetzen-hoengen.de\/wp-content\/uploads\/2015\/04\/Vorderseite-Programm-550-Copy-212x300.jpg 212w\" sizes=\"(max-width: 423px) 100vw, 423px\" \/><\/a><\/p>\n<p><a href=\"http:\/\/www.schuetzen-hoengen.de\/wp-content\/uploads\/2015\/04\/Programm-5501-Copy.jpg\" data-rel=\"lightbox-image-7\" data-rl_title=\"\" data-rl_caption=\"\" title=\"\"><img loading=\"lazy\" decoding=\"async\" class=\"wp-image-5598 size-full aligncenter\" src=\"http:\/\/www.schuetzen-hoengen.de\/wp-content\/uploads\/2015\/04\/Programm-5501-Copy.jpg\" alt=\"programm-5501-copy\" width=\"800\" height=\"565\" srcset=\"https:\/\/schuetzen-hoengen.de\/wp-content\/uploads\/2015\/04\/Programm-5501-Copy.jpg 800w, https:\/\/schuetzen-hoengen.de\/wp-content\/uploads\/2015\/04\/Programm-5501-Copy-300x212.jpg 300w, https:\/\/schuetzen-hoengen.de\/wp-content\/uploads\/2015\/04\/Programm-5501-Copy-768x542.jpg 768w\" sizes=\"(max-width: 800px) 100vw, 800px\" \/><\/a><br \/>\nH\u00f6hepunkt: Die Ernennung von neun Sch\u00fctzenbr\u00fcdern zu Ehrenmitgliedern ( Hans Reiners, Matthias Deckers, Willy Brandts, Peter Scheufens, Peter Stassen, Herbert Vergossen und Heinz Seferens ). Hans Jan\u00dfen wurde zum Ehrenpr\u00e4sident ernannt. Karl-Heinz Welter erhielt das Silberne Verdienstkreuz; Josef Douven den hohen Bruderschaftsorden.<\/p>\n<p><a href=\"http:\/\/www.schuetzen-hoengen.de\/wp-content\/uploads\/2016\/02\/359_5958-Copy.jpg\" data-rel=\"lightbox-image-8\" data-rl_title=\"\" data-rl_caption=\"\" title=\"\"><img loading=\"lazy\" decoding=\"async\" class=\"size-medium wp-image-7632 aligncenter\" src=\"http:\/\/www.schuetzen-hoengen.de\/wp-content\/uploads\/2016\/02\/359_5958-Copy-300x200.jpg\" alt=\"\" width=\"300\" height=\"200\" srcset=\"https:\/\/schuetzen-hoengen.de\/wp-content\/uploads\/2016\/02\/359_5958-Copy-300x200.jpg 300w, https:\/\/schuetzen-hoengen.de\/wp-content\/uploads\/2016\/02\/359_5958-Copy-768x512.jpg 768w, https:\/\/schuetzen-hoengen.de\/wp-content\/uploads\/2016\/02\/359_5958-Copy.jpg 800w\" sizes=\"(max-width: 300px) 100vw, 300px\" \/><\/a><\/p>\n<p>Abgerundet wurde das Programm durch verschieden Mundartvortr\u00e4ge. Den Abschluss bildete die Theatergruppe T\u00fcddern.<br \/>\nSchirmherr Leo Heinen \u00fcberreichte w\u00e4hrend des Festabends drei Bilder der Sch\u00fctzenbruderschaft aus verschiedenen Epochen.<\/p>\n<p><a href=\"http:\/\/www.schuetzen-hoengen.de\/wp-content\/uploads\/2015\/05\/Peters.jpg\" rel=\"attachment wp-att-262\" data-rel=\"lightbox-image-9\" data-rl_title=\"\" data-rl_caption=\"\" title=\"\"><img loading=\"lazy\" decoding=\"async\" class=\" wp-image-262 aligncenter\" src=\"http:\/\/www.schuetzen-hoengen.de\/wp-content\/uploads\/2015\/05\/Peters-300x177.jpg\" alt=\"Peters\" width=\"388\" height=\"229\" srcset=\"https:\/\/schuetzen-hoengen.de\/wp-content\/uploads\/2015\/05\/Peters-300x177.jpg 300w, https:\/\/schuetzen-hoengen.de\/wp-content\/uploads\/2015\/05\/Peters.jpg 640w\" sizes=\"(max-width: 388px) 100vw, 388px\" \/><\/a><br \/>\nDen Abschluss des Festabends bildete die Er\u00f6ffnung der Ausstellung 550 Jahre Sch\u00fctzenwesen in H\u00f6ngen, die vom Schirmherr Leo Heinen und dem Stellv. Dekanatsbundesmeister Ludwig Kaprot er\u00f6ffnet wurde.<\/p>\n<p><a href=\"http:\/\/www.schuetzen-hoengen.de\/wp-content\/uploads\/2016\/02\/IMG_1965-Copy.jpg\" data-rel=\"lightbox-image-10\" data-rl_title=\"\" data-rl_caption=\"\" title=\"\"><img loading=\"lazy\" decoding=\"async\" class=\"size-medium wp-image-7633 aligncenter\" src=\"http:\/\/www.schuetzen-hoengen.de\/wp-content\/uploads\/2016\/02\/IMG_1965-Copy-300x225.jpg\" alt=\"\" width=\"300\" height=\"225\" srcset=\"https:\/\/schuetzen-hoengen.de\/wp-content\/uploads\/2016\/02\/IMG_1965-Copy-300x225.jpg 300w, https:\/\/schuetzen-hoengen.de\/wp-content\/uploads\/2016\/02\/IMG_1965-Copy-768x576.jpg 768w, https:\/\/schuetzen-hoengen.de\/wp-content\/uploads\/2016\/02\/IMG_1965-Copy.jpg 800w\" sizes=\"(max-width: 300px) 100vw, 300px\" \/><\/a><\/p>\n<p><a href=\"http:\/\/www.schuetzen-hoengen.de\/wp-content\/uploads\/2015\/04\/IMG_1983.jpg\" data-rel=\"lightbox-image-11\" data-rl_title=\"\" data-rl_caption=\"\" title=\"\"><img loading=\"lazy\" decoding=\"async\" class=\"size-medium wp-image-4411 aligncenter\" src=\"http:\/\/www.schuetzen-hoengen.de\/wp-content\/uploads\/2015\/04\/IMG_1983-300x225.jpg\" alt=\"IMG_1983\" width=\"300\" height=\"225\" srcset=\"https:\/\/schuetzen-hoengen.de\/wp-content\/uploads\/2015\/04\/IMG_1983-300x225.jpg 300w, https:\/\/schuetzen-hoengen.de\/wp-content\/uploads\/2015\/04\/IMG_1983-768x576.jpg 768w, https:\/\/schuetzen-hoengen.de\/wp-content\/uploads\/2015\/04\/IMG_1983-1024x768.jpg 1024w, https:\/\/schuetzen-hoengen.de\/wp-content\/uploads\/2015\/04\/IMG_1983.jpg 2048w\" sizes=\"(max-width: 300px) 100vw, 300px\" \/><\/a>Diese Ausstellung konnte man auch am Sonntag in der Sch\u00fctzenhalle besichtigen.<\/p>\n<p><strong><span style=\"text-decoration: underline;\">Klostertaler sorgten f\u00fcr Stimmung<\/span><\/strong><br \/>\nDer Samstag stand ganz im Zeichen der Klostertaler. Hier traf sich die ganze Klostertalerfamilie in H\u00f6ngen. Insgesamt 1200 G\u00e4ste konnte man begr\u00fcssen. Bei subtropischen Temperaturen im Festzelt z\u00fcndeten die Musiker ein Feuerwerk der guten Laune.<\/p>\n<p>&nbsp;<\/p>\n<p><a href=\"http:\/\/www.schuetzen-hoengen.de\/wp-content\/uploads\/2016\/02\/359_5984-Copy.jpg\" data-rel=\"lightbox-image-12\" data-rl_title=\"\" data-rl_caption=\"\" title=\"\"><img loading=\"lazy\" decoding=\"async\" class=\"size-medium wp-image-7627 aligncenter\" src=\"http:\/\/www.schuetzen-hoengen.de\/wp-content\/uploads\/2016\/02\/359_5984-Copy-300x200.jpg\" alt=\"\" width=\"300\" height=\"200\" srcset=\"https:\/\/schuetzen-hoengen.de\/wp-content\/uploads\/2016\/02\/359_5984-Copy-300x200.jpg 300w, https:\/\/schuetzen-hoengen.de\/wp-content\/uploads\/2016\/02\/359_5984-Copy-768x512.jpg 768w, https:\/\/schuetzen-hoengen.de\/wp-content\/uploads\/2016\/02\/359_5984-Copy.jpg 800w\" sizes=\"(max-width: 300px) 100vw, 300px\" \/><\/a><\/p>\n<p style=\"text-align: center;\"><a href=\"http:\/\/www.schuetzen-hoengen.de\/wp-content\/uploads\/2016\/02\/Klostertaler3-Copy.jpg\" data-rel=\"lightbox-image-13\" data-rl_title=\"\" data-rl_caption=\"\" title=\"\"><img loading=\"lazy\" decoding=\"async\" class=\"size-medium wp-image-7634 aligncenter\" src=\"http:\/\/www.schuetzen-hoengen.de\/wp-content\/uploads\/2016\/02\/Klostertaler3-Copy-300x201.jpg\" alt=\"\" width=\"300\" height=\"201\" srcset=\"https:\/\/schuetzen-hoengen.de\/wp-content\/uploads\/2016\/02\/Klostertaler3-Copy-300x201.jpg 300w, https:\/\/schuetzen-hoengen.de\/wp-content\/uploads\/2016\/02\/Klostertaler3-Copy-768x514.jpg 768w, https:\/\/schuetzen-hoengen.de\/wp-content\/uploads\/2016\/02\/Klostertaler3-Copy.jpg 800w\" sizes=\"(max-width: 300px) 100vw, 300px\" \/><\/a>Gerri &#8211; Markus &#8211; Wolfi<\/p>\n<p style=\"text-align: center;\"><a href=\"http:\/\/www.schuetzen-hoengen.de\/wp-content\/uploads\/2016\/02\/360_6022-Copy.jpg\" data-rel=\"lightbox-image-14\" data-rl_title=\"\" data-rl_caption=\"\" title=\"\"><img loading=\"lazy\" decoding=\"async\" class=\"alignnone size-medium wp-image-7635\" src=\"http:\/\/www.schuetzen-hoengen.de\/wp-content\/uploads\/2016\/02\/360_6022-Copy-200x300.jpg\" alt=\"\" width=\"200\" height=\"300\" srcset=\"https:\/\/schuetzen-hoengen.de\/wp-content\/uploads\/2016\/02\/360_6022-Copy-200x300.jpg 200w, https:\/\/schuetzen-hoengen.de\/wp-content\/uploads\/2016\/02\/360_6022-Copy.jpg 400w\" sizes=\"(max-width: 200px) 100vw, 200px\" \/><\/a><\/p>\n<p>3 Stunden Party Pur waren angesagt. Eine Abend den man in H\u00f6ngen nicht so schnell vergessen wird<br \/>\nPS: Strom f\u00fcr die Musikanlage kam aus dem Netz. Da die Kapazit\u00e4t f\u00fcr Musik und L ichtanlage nicht ausreichte musste noch kurzfristig ein<br \/>\nStromerzeuger f\u00fcr das Licht her. Dank an\u00a0 Walli und Bert!!!<\/p>\n<p><a href=\"http:\/\/www.schuetzen-hoengen.de\/wp-content\/uploads\/2016\/02\/eintrittskarte-Copy.jpg\" data-rel=\"lightbox-image-15\" data-rl_title=\"\" data-rl_caption=\"\" title=\"\"><img loading=\"lazy\" decoding=\"async\" class=\"size-medium wp-image-7636 aligncenter\" src=\"http:\/\/www.schuetzen-hoengen.de\/wp-content\/uploads\/2016\/02\/eintrittskarte-Copy-218x300.jpg\" alt=\"\" width=\"218\" height=\"300\" srcset=\"https:\/\/schuetzen-hoengen.de\/wp-content\/uploads\/2016\/02\/eintrittskarte-Copy-218x300.jpg 218w, https:\/\/schuetzen-hoengen.de\/wp-content\/uploads\/2016\/02\/eintrittskarte-Copy.jpg 436w\" sizes=\"(max-width: 218px) 100vw, 218px\" \/><\/a><\/p>\n<p>Frontmann Markus Wohlfahrt bedanke sich zum Abschluss bei den Verantwortlichen f\u00fcr die perfekte Organisation und die tolle Stimmung.<br \/>\n<strong><span style=\"text-decoration: underline;\">Festaufzug und Schie\u00dfwettbewerbe<\/span><\/strong><br \/>\nDer Sonntag stand ganz im Zeichen des gro\u00dfen Festaufzuges.<br \/>\nHier konnte man insgesamt 14 Gastvereine begr\u00fcssen. Mit dabei Gilden und Bruderschaften aus Frankreich, Belgien, den Niederlanden und aus Deutschland.<\/p>\n<p><a href=\"http:\/\/www.schuetzen-hoengen.de\/wp-content\/uploads\/2016\/02\/Crans_Antwerpen-Copy.jpg\" data-rel=\"lightbox-image-16\" data-rl_title=\"\" data-rl_caption=\"\" title=\"\"><img loading=\"lazy\" decoding=\"async\" class=\"size-medium wp-image-7650 aligncenter\" src=\"http:\/\/www.schuetzen-hoengen.de\/wp-content\/uploads\/2016\/02\/Crans_Antwerpen-Copy-300x201.jpg\" alt=\"\" width=\"300\" height=\"201\" srcset=\"https:\/\/schuetzen-hoengen.de\/wp-content\/uploads\/2016\/02\/Crans_Antwerpen-Copy-300x201.jpg 300w, https:\/\/schuetzen-hoengen.de\/wp-content\/uploads\/2016\/02\/Crans_Antwerpen-Copy-768x515.jpg 768w, https:\/\/schuetzen-hoengen.de\/wp-content\/uploads\/2016\/02\/Crans_Antwerpen-Copy.jpg 800w\" sizes=\"(max-width: 300px) 100vw, 300px\" \/><\/a><\/p>\n<p><a href=\"http:\/\/www.schuetzen-hoengen.de\/wp-content\/uploads\/2016\/02\/360_6057-Copy.jpg\" data-rel=\"lightbox-image-17\" data-rl_title=\"\" data-rl_caption=\"\" title=\"\"><img loading=\"lazy\" decoding=\"async\" class=\"alignnone size-medium wp-image-7637 aligncenter\" src=\"http:\/\/www.schuetzen-hoengen.de\/wp-content\/uploads\/2016\/02\/360_6057-Copy-300x200.jpg\" alt=\"\" width=\"300\" height=\"200\" srcset=\"https:\/\/schuetzen-hoengen.de\/wp-content\/uploads\/2016\/02\/360_6057-Copy-300x200.jpg 300w, https:\/\/schuetzen-hoengen.de\/wp-content\/uploads\/2016\/02\/360_6057-Copy-768x512.jpg 768w, https:\/\/schuetzen-hoengen.de\/wp-content\/uploads\/2016\/02\/360_6057-Copy.jpg 800w\" sizes=\"(max-width: 300px) 100vw, 300px\" \/><\/a><\/p>\n<p><a href=\"http:\/\/www.schuetzen-hoengen.de\/wp-content\/uploads\/2016\/02\/360_6061-Copy.jpg\" data-rel=\"lightbox-image-18\" data-rl_title=\"\" data-rl_caption=\"\" title=\"\"><img loading=\"lazy\" decoding=\"async\" class=\"size-medium wp-image-7638 aligncenter\" src=\"http:\/\/www.schuetzen-hoengen.de\/wp-content\/uploads\/2016\/02\/360_6061-Copy-200x300.jpg\" alt=\"\" width=\"200\" height=\"300\" srcset=\"https:\/\/schuetzen-hoengen.de\/wp-content\/uploads\/2016\/02\/360_6061-Copy-200x300.jpg 200w, https:\/\/schuetzen-hoengen.de\/wp-content\/uploads\/2016\/02\/360_6061-Copy.jpg 400w\" sizes=\"(max-width: 200px) 100vw, 200px\" \/><\/a><\/p>\n<p style=\"text-align: center;\"><a href=\"http:\/\/www.schuetzen-hoengen.de\/wp-content\/uploads\/2016\/02\/360_6062-Copy.jpg\" data-rel=\"lightbox-image-19\" data-rl_title=\"\" data-rl_caption=\"\" title=\"\"><img loading=\"lazy\" decoding=\"async\" class=\"alignnone size-medium wp-image-7639\" src=\"http:\/\/www.schuetzen-hoengen.de\/wp-content\/uploads\/2016\/02\/360_6062-Copy-300x200.jpg\" alt=\"\" width=\"300\" height=\"200\" srcset=\"https:\/\/schuetzen-hoengen.de\/wp-content\/uploads\/2016\/02\/360_6062-Copy-300x200.jpg 300w, https:\/\/schuetzen-hoengen.de\/wp-content\/uploads\/2016\/02\/360_6062-Copy-768x512.jpg 768w, https:\/\/schuetzen-hoengen.de\/wp-content\/uploads\/2016\/02\/360_6062-Copy.jpg 800w\" sizes=\"(max-width: 300px) 100vw, 300px\" \/><\/a> <a href=\"http:\/\/www.schuetzen-hoengen.de\/wp-content\/uploads\/2016\/02\/360_6063-Copy.jpg\" data-rel=\"lightbox-image-20\" data-rl_title=\"\" data-rl_caption=\"\" title=\"\"><img loading=\"lazy\" decoding=\"async\" class=\"alignnone size-medium wp-image-7640\" src=\"http:\/\/www.schuetzen-hoengen.de\/wp-content\/uploads\/2016\/02\/360_6063-Copy-300x200.jpg\" alt=\"\" width=\"300\" height=\"200\" srcset=\"https:\/\/schuetzen-hoengen.de\/wp-content\/uploads\/2016\/02\/360_6063-Copy-300x200.jpg 300w, https:\/\/schuetzen-hoengen.de\/wp-content\/uploads\/2016\/02\/360_6063-Copy-768x512.jpg 768w, https:\/\/schuetzen-hoengen.de\/wp-content\/uploads\/2016\/02\/360_6063-Copy.jpg 800w\" sizes=\"(max-width: 300px) 100vw, 300px\" \/><\/a><\/p>\n<p style=\"text-align: center;\"><a href=\"http:\/\/www.schuetzen-hoengen.de\/wp-content\/uploads\/2016\/02\/360_6073-Copy.jpg\" data-rel=\"lightbox-image-21\" data-rl_title=\"\" data-rl_caption=\"\" title=\"\"><img loading=\"lazy\" decoding=\"async\" class=\"alignnone size-medium wp-image-7641\" src=\"http:\/\/www.schuetzen-hoengen.de\/wp-content\/uploads\/2016\/02\/360_6073-Copy-300x200.jpg\" alt=\"\" width=\"300\" height=\"200\" srcset=\"https:\/\/schuetzen-hoengen.de\/wp-content\/uploads\/2016\/02\/360_6073-Copy-300x200.jpg 300w, https:\/\/schuetzen-hoengen.de\/wp-content\/uploads\/2016\/02\/360_6073-Copy-768x512.jpg 768w, https:\/\/schuetzen-hoengen.de\/wp-content\/uploads\/2016\/02\/360_6073-Copy.jpg 800w\" sizes=\"(max-width: 300px) 100vw, 300px\" \/><\/a> <a href=\"http:\/\/www.schuetzen-hoengen.de\/wp-content\/uploads\/2016\/02\/360_6074-Copy.jpg\" data-rel=\"lightbox-image-22\" data-rl_title=\"\" data-rl_caption=\"\" title=\"\"><img loading=\"lazy\" decoding=\"async\" class=\"alignnone size-medium wp-image-7642\" src=\"http:\/\/www.schuetzen-hoengen.de\/wp-content\/uploads\/2016\/02\/360_6074-Copy-300x200.jpg\" alt=\"\" width=\"300\" height=\"200\" srcset=\"https:\/\/schuetzen-hoengen.de\/wp-content\/uploads\/2016\/02\/360_6074-Copy-300x200.jpg 300w, https:\/\/schuetzen-hoengen.de\/wp-content\/uploads\/2016\/02\/360_6074-Copy-768x512.jpg 768w, https:\/\/schuetzen-hoengen.de\/wp-content\/uploads\/2016\/02\/360_6074-Copy.jpg 800w\" sizes=\"(max-width: 300px) 100vw, 300px\" \/><\/a><\/p>\n<p><a href=\"http:\/\/www.schuetzen-hoengen.de\/wp-content\/uploads\/2016\/02\/360_6090-Copy-2.jpg\" data-rel=\"lightbox-image-23\" data-rl_title=\"\" data-rl_caption=\"\" title=\"\"><img loading=\"lazy\" decoding=\"async\" class=\"alignnone size-medium wp-image-7643 aligncenter\" src=\"http:\/\/www.schuetzen-hoengen.de\/wp-content\/uploads\/2016\/02\/360_6090-Copy-2-300x200.jpg\" alt=\"\" width=\"300\" height=\"200\" srcset=\"https:\/\/schuetzen-hoengen.de\/wp-content\/uploads\/2016\/02\/360_6090-Copy-2-300x200.jpg 300w, https:\/\/schuetzen-hoengen.de\/wp-content\/uploads\/2016\/02\/360_6090-Copy-2-768x512.jpg 768w, https:\/\/schuetzen-hoengen.de\/wp-content\/uploads\/2016\/02\/360_6090-Copy-2.jpg 800w\" sizes=\"(max-width: 300px) 100vw, 300px\" \/><\/a> <a href=\"http:\/\/www.schuetzen-hoengen.de\/wp-content\/uploads\/2016\/02\/360_6061.jpg\" data-rel=\"lightbox-image-24\" data-rl_title=\"\" data-rl_caption=\"\" title=\"\"><br \/>\n<\/a>H\u00f6hepunkt am Nachmittag das K\u00f6nigsschiessen. Verschiedene Schie\u00dfwettbewerbe wurden auf der Au\u00dfenanlage durchgef\u00fchrt.<\/p>\n<p style=\"text-align: center;\"><a href=\"http:\/\/www.schuetzen-hoengen.de\/wp-content\/uploads\/2016\/02\/Jan-Moortgard-Copy.jpg\" data-rel=\"lightbox-image-25\" data-rl_title=\"\" data-rl_caption=\"\" title=\"\"><img loading=\"lazy\" decoding=\"async\" class=\"size-medium wp-image-7645 aligncenter\" src=\"http:\/\/www.schuetzen-hoengen.de\/wp-content\/uploads\/2016\/02\/Jan-Moortgard-Copy-300x226.jpg\" alt=\"\" width=\"300\" height=\"226\" srcset=\"https:\/\/schuetzen-hoengen.de\/wp-content\/uploads\/2016\/02\/Jan-Moortgard-Copy-300x226.jpg 300w, https:\/\/schuetzen-hoengen.de\/wp-content\/uploads\/2016\/02\/Jan-Moortgard-Copy-768x578.jpg 768w, https:\/\/schuetzen-hoengen.de\/wp-content\/uploads\/2016\/02\/Jan-Moortgard-Copy.jpg 797w\" sizes=\"(max-width: 300px) 100vw, 300px\" \/><\/a>Balancebogenschiessen<\/p>\n<p style=\"text-align: center;\"><a href=\"http:\/\/www.schuetzen-hoengen.de\/wp-content\/uploads\/2015\/04\/Internationalen-Freundscaftstreffen-Hongen-2002-017-Copy-2.jpg\" data-rel=\"lightbox-image-26\" data-rl_title=\"\" data-rl_caption=\"\" title=\"\"><img loading=\"lazy\" decoding=\"async\" class=\"alignnone size-medium wp-image-7778\" src=\"http:\/\/www.schuetzen-hoengen.de\/wp-content\/uploads\/2015\/04\/Internationalen-Freundscaftstreffen-Hongen-2002-017-Copy-2-300x225.jpg\" alt=\"\" width=\"300\" height=\"225\" srcset=\"https:\/\/schuetzen-hoengen.de\/wp-content\/uploads\/2015\/04\/Internationalen-Freundscaftstreffen-Hongen-2002-017-Copy-2-300x225.jpg 300w, https:\/\/schuetzen-hoengen.de\/wp-content\/uploads\/2015\/04\/Internationalen-Freundscaftstreffen-Hongen-2002-017-Copy-2-768x576.jpg 768w, https:\/\/schuetzen-hoengen.de\/wp-content\/uploads\/2015\/04\/Internationalen-Freundscaftstreffen-Hongen-2002-017-Copy-2.jpg 1024w\" sizes=\"(max-width: 300px) 100vw, 300px\" \/><\/a><\/p>\n<p style=\"text-align: center;\"><a href=\"http:\/\/www.schuetzen-hoengen.de\/wp-content\/uploads\/2015\/04\/Internationalen-Freundscaftstreffen-Hongen-2002-056-Copy-2.jpg\" data-rel=\"lightbox-image-27\" data-rl_title=\"\" data-rl_caption=\"\" title=\"\"><img loading=\"lazy\" decoding=\"async\" class=\"alignnone size-medium wp-image-7779\" src=\"http:\/\/www.schuetzen-hoengen.de\/wp-content\/uploads\/2015\/04\/Internationalen-Freundscaftstreffen-Hongen-2002-056-Copy-2-225x300.jpg\" alt=\"\" width=\"225\" height=\"300\" srcset=\"https:\/\/schuetzen-hoengen.de\/wp-content\/uploads\/2015\/04\/Internationalen-Freundscaftstreffen-Hongen-2002-056-Copy-2-225x300.jpg 225w, https:\/\/schuetzen-hoengen.de\/wp-content\/uploads\/2015\/04\/Internationalen-Freundscaftstreffen-Hongen-2002-056-Copy-2.jpg 576w\" sizes=\"(max-width: 225px) 100vw, 225px\" \/><\/a><\/p>\n<p style=\"text-align: center;\">Hochmastschiessen<\/p>\n<p style=\"text-align: center;\"><a href=\"http:\/\/www.schuetzen-hoengen.de\/wp-content\/uploads\/2016\/02\/Siegerehrung-Copy.jpg\" data-rel=\"lightbox-image-28\" data-rl_title=\"\" data-rl_caption=\"\" title=\"\"><img loading=\"lazy\" decoding=\"async\" class=\"size-medium wp-image-7646 aligncenter\" src=\"http:\/\/www.schuetzen-hoengen.de\/wp-content\/uploads\/2016\/02\/Siegerehrung-Copy-300x225.jpg\" alt=\"\" width=\"300\" height=\"225\" srcset=\"https:\/\/schuetzen-hoengen.de\/wp-content\/uploads\/2016\/02\/Siegerehrung-Copy-300x225.jpg 300w, https:\/\/schuetzen-hoengen.de\/wp-content\/uploads\/2016\/02\/Siegerehrung-Copy-768x576.jpg 768w, https:\/\/schuetzen-hoengen.de\/wp-content\/uploads\/2016\/02\/Siegerehrung-Copy.jpg 800w\" sizes=\"(max-width: 300px) 100vw, 300px\" \/><\/a>Siegerehrung der Schie\u00dfwettbewerbe<\/p>\n<p style=\"text-align: center;\"><a href=\"http:\/\/www.schuetzen-hoengen.de\/wp-content\/uploads\/2016\/02\/B\u00fcsch_Band-Copy.jpg\" data-rel=\"lightbox-image-29\" data-rl_title=\"\" data-rl_caption=\"\" title=\"\"><img loading=\"lazy\" decoding=\"async\" class=\"alignnone size-medium wp-image-7647\" src=\"http:\/\/www.schuetzen-hoengen.de\/wp-content\/uploads\/2016\/02\/B\u00fcsch_Band-Copy-300x225.jpg\" alt=\"\" width=\"300\" height=\"225\" srcset=\"https:\/\/schuetzen-hoengen.de\/wp-content\/uploads\/2016\/02\/B\u00fcsch_Band-Copy-300x225.jpg 300w, https:\/\/schuetzen-hoengen.de\/wp-content\/uploads\/2016\/02\/B\u00fcsch_Band-Copy-768x576.jpg 768w, https:\/\/schuetzen-hoengen.de\/wp-content\/uploads\/2016\/02\/B\u00fcsch_Band-Copy.jpg 800w\" sizes=\"(max-width: 300px) 100vw, 300px\" \/><\/a><\/p>\n<p>Im Anschluss lud die B\u00fcschband aus T\u00fcddern zum Kaffeekonzert ein.<\/p>\n<p>&nbsp;<\/p>\n<p><strong><span style=\"text-decoration: underline;\">Sch\u00fctzenmesse und K\u00f6nigsball<\/span><\/strong><br \/>\nDen Abschluss der Feierlichkeiten bildete die Sch\u00fctzenmesse zelebriert von Weihbischof Borsch, sowie der abendliche K\u00f6nigsball zu Ehren des K\u00f6nigspaares Ulrich und Marianne Trepels.<\/p>\n<p><a href=\"http:\/\/www.schuetzen-hoengen.de\/wp-content\/uploads\/2016\/02\/K\u00f6nigssilber-Copy.jpg\" data-rel=\"lightbox-image-30\" data-rl_title=\"\" data-rl_caption=\"\" title=\"\"><img loading=\"lazy\" decoding=\"async\" class=\"size-medium wp-image-7648 aligncenter\" src=\"http:\/\/www.schuetzen-hoengen.de\/wp-content\/uploads\/2016\/02\/K\u00f6nigssilber-Copy-300x225.jpg\" alt=\"\" width=\"300\" height=\"225\" srcset=\"https:\/\/schuetzen-hoengen.de\/wp-content\/uploads\/2016\/02\/K\u00f6nigssilber-Copy-300x225.jpg 300w, https:\/\/schuetzen-hoengen.de\/wp-content\/uploads\/2016\/02\/K\u00f6nigssilber-Copy-768x576.jpg 768w, https:\/\/schuetzen-hoengen.de\/wp-content\/uploads\/2016\/02\/K\u00f6nigssilber-Copy.jpg 800w\" sizes=\"(max-width: 300px) 100vw, 300px\" \/><\/a><\/p>\n<p><a href=\"http:\/\/www.schuetzen-hoengen.de\/wp-content\/uploads\/2016\/02\/IMG_2182-Copy.jpg\" data-rel=\"lightbox-image-31\" data-rl_title=\"\" data-rl_caption=\"\" title=\"\"><img loading=\"lazy\" decoding=\"async\" class=\"size-medium wp-image-7652 aligncenter\" src=\"http:\/\/www.schuetzen-hoengen.de\/wp-content\/uploads\/2016\/02\/IMG_2182-Copy-300x225.jpg\" alt=\"\" width=\"300\" height=\"225\" srcset=\"https:\/\/schuetzen-hoengen.de\/wp-content\/uploads\/2016\/02\/IMG_2182-Copy-300x225.jpg 300w, https:\/\/schuetzen-hoengen.de\/wp-content\/uploads\/2016\/02\/IMG_2182-Copy-768x576.jpg 768w, https:\/\/schuetzen-hoengen.de\/wp-content\/uploads\/2016\/02\/IMG_2182-Copy.jpg 800w\" sizes=\"(max-width: 300px) 100vw, 300px\" \/><\/a><\/p>\n<p style=\"text-align: center;\"><a href=\"http:\/\/www.schuetzen-hoengen.de\/wp-content\/uploads\/2016\/02\/Rudi-Copy-1.jpg\" data-rel=\"lightbox-image-32\" data-rl_title=\"\" data-rl_caption=\"\" title=\"\"><img loading=\"lazy\" decoding=\"async\" class=\"size-medium wp-image-7653 aligncenter\" src=\"http:\/\/www.schuetzen-hoengen.de\/wp-content\/uploads\/2016\/02\/Rudi-Copy-209x300.jpg\" alt=\"\" width=\"209\" height=\"300\" srcset=\"https:\/\/schuetzen-hoengen.de\/wp-content\/uploads\/2016\/02\/Rudi-Copy-209x300.jpg 209w, https:\/\/schuetzen-hoengen.de\/wp-content\/uploads\/2016\/02\/Rudi-Copy.jpg 417w\" sizes=\"(max-width: 209px) 100vw, 209px\" \/><br \/>\n<\/a><a href=\"http:\/\/www.schuetzen-hoengen.de\/wp-content\/uploads\/2016\/02\/IMG_2217-Copy.jpg\" data-rel=\"lightbox-image-33\" data-rl_title=\"\" data-rl_caption=\"\" title=\"\"><img loading=\"lazy\" decoding=\"async\" class=\"size-medium wp-image-5557 aligncenter\" src=\"http:\/\/www.schuetzen-hoengen.de\/wp-content\/uploads\/2016\/02\/IMG_2217-Copy-300x225.jpg\" alt=\"img_2217-copy\" width=\"300\" height=\"225\" srcset=\"https:\/\/schuetzen-hoengen.de\/wp-content\/uploads\/2016\/02\/IMG_2217-Copy-300x225.jpg 300w, https:\/\/schuetzen-hoengen.de\/wp-content\/uploads\/2016\/02\/IMG_2217-Copy-768x576.jpg 768w, https:\/\/schuetzen-hoengen.de\/wp-content\/uploads\/2016\/02\/IMG_2217-Copy.jpg 800w\" sizes=\"(max-width: 300px) 100vw, 300px\" \/><\/a>geschafft!!!<\/p>\n<p>&nbsp;<\/p>\n<hr \/>\n<p>&nbsp;<\/p>\n<h3 style=\"text-align: center;\"><strong>Laudatio<\/strong><\/h3>\n<h3 style=\"text-align: center;\"><strong>\u00a0<\/strong>Auf das K\u00f6nigspaar<\/h3>\n<h3 style=\"text-align: center;\"><strong>\u00a0Ulrich und Marianne Trepels<\/strong><\/h3>\n<p style=\"text-align: center;\"><strong>\u00a0<\/strong><\/p>\n<p><strong>Anno Domini 2006<\/strong><\/p>\n<p>&nbsp;<\/p>\n<p>Im 2. Pontifikat des Papstes Benedikt XVI<\/p>\n<p>Heinrich Mussinghoff ist Bischof von Aachen<\/p>\n<p>und Pastor Ralf Schl\u00f6sser Pr\u00e4ses der Bruderschaft<\/p>\n<p>Horst K\u00f6hler ist Pr\u00e4sident der Bundesrepublik Deutschland<\/p>\n<p>Erste Bundeskanzlerin Angela Merkel<\/p>\n<p>J\u00fcrgen R\u00fcttgers regiert das Land Nordrhein &#8211; Westfalen<\/p>\n<p>B\u00fcrgermeister der Gemeinde Selfkant ist Herbert Corsten<\/p>\n<p>Die Bruderschaft repr\u00e4sentieren neben dem K\u00f6nigspaar<\/p>\n<p>der Sch\u00fclerprinz\u00a0 Sebastian Robertz und Jugendprinz Jens Wallraven<\/p>\n<p>Pr\u00e4sident Lambert Spykers, Sch\u00fctzenmeister Berthold Conen,<\/p>\n<p>Kassierer Norbert Jeurissen und Kommandant Karl-Heinz Welter f\u00fchren die St. Johannes Baptist Sch\u00fctzenbruderschaft H\u00f6ngen im Jubil\u00e4umsjahr<\/p>\n<p>Was ist unser K\u00f6nig eigentlich f\u00fcr ein Mensch!!!<\/p>\n<p>Ein Pferdenarr. Ein Sportfreak: sportlich immer auf der H\u00f6he, ob beim gem\u00e4chlichen Joggen mit Josef; oder beim Walken &#8211; an der Technik muss sicher noch gefeilt werden. Beindruckend seine Fahrradsammlung( einfach cool), Roller bladen, Bogenschie\u00dfen. Er hat es einfach drauf!!<\/p>\n<p>Hobbysch\u00fctze bei den Sportsch\u00fctzen aus Lieck, wo es dann auch mal vorkommen kann, dass er seinen Nachbarn beim Schie\u00dfen unterst\u00fctzt.<\/p>\n<p>In H\u00f6ngen nennen wir das auf die falsche Scheibe schie\u00dfen.<\/p>\n<p>Aber wenn er noch flei\u00dfig weiter \u00fcbt, kann er sicher auch eines Tages bei den H\u00f6ngener Sch\u00fctzen \u2013 in Sachen Schiessen &#8211; Fu\u00df fassen.<\/p>\n<p>Unvergesslich die Abende, an denen er mit Eickers Pitt abrockte.<\/p>\n<p>( Einfach nur Satisfaction )<\/p>\n<p>Er ist sehr belesen. Beindruckend seine Patschen- und H\u00fctesammlung.<\/p>\n<p>Momentan ist er auf dem Jugendtrip dabei ist er ja auch schon 50.<\/p>\n<p>Ein rastloser Mensch. Doch wir geben die Hoffnung nicht auf, dass er eines Tages in ruhigeres Fahrwasser kommt.<\/p>\n<p>Doch nun zu unserer K\u00f6nigin vom Bauernhof Cremer aus Boverath , die, wie sagt die Werbung, ein sehr erfolgreiches Familienunternehmen leitet.<\/p>\n<p>Ein Top Managerin in Praxis und Haushalt.<\/p>\n<p>Mutter von drei jungen, attraktiven, Damen<\/p>\n<p>Einfach die Frau f\u00fcr alle F\u00e4lle: Das H\u00f6ngener Dekotalent, das sich \u00fcberall im H\u00f6ngener Dorfleben engagiert .<\/p>\n<p>Sei es bei unserem letzten Sch\u00fctzenfest, bei unserem Jubil\u00e4umsfest, im Eine Welt Laden, der Alten Schule, bei den Kevelaer Radfahrern oder bei kirchlichen Anl\u00e4ssen.<\/p>\n<p>( Frei nach Margret Thatcher )<br \/>\nWenn Du willst, dass etwas gesagt wird frag einen Mann.<\/p>\n<p>Wenn Du willst , dass etwas getan wird frag eine Frau oder eben Marianne<\/p>\n<p>Ob als sportliche Gazelle auf dem Rad oder beim Nordic-Walking ,<\/p>\n<p>Sie macht immer eine gute Figur.<\/p>\n<p>Ihr seid nun fast am Ende eurer Regentschaft angekommen und k\u00f6nnt auf ein tolles K\u00f6nigsjahr zur\u00fcckblicken; von der Sonne verw\u00f6hnt.<\/p>\n<p>Mit K\u00f6nighuldigung, Festaufz\u00fcgen in H\u00f6ngen, Millen und S\u00fcsterseel.<\/p>\n<p>Ihr habt durch Ulrichs Treffsicherheit das Gl\u00fcck und die Ehre gehabt bei unserem Jubil\u00e4umsfest in der ersten Reihe zu stehen. Einem Fest das kann man wohl sagen, das unsere Erwartungen bei Weitem \u00fcbertroffen hat. Wir h\u00e4tten nicht gedacht, dass wir unser Sch\u00fctzenfest noch h\u00e4tten toppen k\u00f6nnen.<\/p>\n<p>Doch das ist uns, dank euer Mithilfe, gelungen.<\/p>\n<p>Dank an Ulrich f\u00fcr deine beindruckende Rede bei der Prunkkirmes.<\/p>\n<p>Dank an Marianne f\u00fcr die tolle Deko, die Du in einem Team mit Mia, Marlies sowie Petra an der Spitze hergerichtet hast.<\/p>\n<p>Den Grundstein f\u00fcr unser Jubil\u00e4ums-Fest haben wir vor zwei Wochen in Kevelar gelegt. Die K\u00f6nigin mit dem Rad, der Sch\u00fctzenmeister zu Fu\u00df mit Blasen und einem kr\u00e4ftigen Muskelkater; so wurde Kevelar erreicht.<\/p>\n<p>Wie sagte Rosi: Z\u00fcnden wir eine Kerze an f\u00fcr die Plakette und das Fest der Sch\u00fctzen.<\/p>\n<p>Doch das Beten und die Busse haben sich gelohnt, wenn wir auf unsere Festtage zur\u00fcckblicken.<\/p>\n<p>Doch zum Abschlu\u00df der Laudatio m\u00f6chten wir noch auf einen Vorfall vom gestrigen Nachmittag eingehen, als pl\u00f6tzlich, oh Schreck, die K\u00f6nigspaare und Ehrendamen sich in Richtung Festb\u00fchne bewegten.<\/p>\n<p>Pr\u00e4sident und Sch\u00fctzenmeister blickten sich verwundert an. Da m\u00fcssen doch wohl Bewohner aus H\u00f6ngen und Heilder, in H\u00f6he der Familie Hennes, die K\u00f6nigspaare herausgezogen haben. Wie sagten die Beschuldigten im Anschluss. Das war doch schon immer so!! Geplant war, die K\u00f6nigspaare beim Vorbeimarsch im Festzug mitziehen zu lassen. Doch mehr wollen wir an dieser Stelle nicht sagen, da es sich um ein schwebendes Verfahren handelt. Aretz Hein und der ganze Dekanatsrat wurden gestern zu sp\u00e4ter Stunde noch informiert. Dass gew\u00f6hnliche Kirmesbesucher in eine geschlosse Formation eingreifen, das ist wohl der Hammer und mu\u00df sicher bestraft werden. Die Beteiligten, es handelt sich hier um drei Damen, fortgeschritten Alters. Sie werden ihrer gerechten Strafe nicht entgehen.<\/p>\n<p>Da die Damen, die das Mal\u00f6r angerichtet haben, als recht trinkfest bekannt sind, haben wir angedacht, sie bei der n\u00e4chsten Kirmes mit einer Alkoholsperre zu belegen &#8211; ich glaube das w\u00e4re wohl angemessen. Eine andere M\u00f6glichkeit, die wir in Erw\u00e4gung gezogen haben; ist sie von dem Besuch der n\u00e4chsten beiden Sch\u00fctzenfeste auszuschlie\u00dfen.<\/p>\n<p>Soviel zu diesem Zwischenfall.<\/p>\n<p>Zum Abschluss wollen wir unser K\u00f6nigspaar hochleben lassen.<\/p>\n<p>Das K\u00f6nigspaar<\/p>\n<p>Es lebe Hoch: zum 1. Male hoch, zum 2. Male hoch und zum 3. Male hoch<\/p>\n<p>&nbsp;<\/p>\n<p>&nbsp;<\/p>\n<hr \/>\n<p>&nbsp;<\/p>\n<p>&nbsp;<\/p>\n<p>&nbsp;<\/p>\n<p>&nbsp;<\/p>\n<p>&nbsp;<\/p>\n<p>&nbsp;<\/p>\n<p>PS:\u00a0\u00a0 Platzhalter, um die Seitenbreite zu gew\u00e4hrleisten<\/p>\n<p>Tabelle<\/p>\n<table id=\"table4\" border=\"0\" align=\"center\">\n<tbody>\n<tr>\n<td width=\"44\">Platz<\/td>\n<td width=\"150\">Mannschaft<\/td>\n<td align=\"center\" width=\"80\">Gesamt<\/td>\n<td align=\"center\" width=\"30\"><a href=\"http:\/\/www.dekanat-gangelt-selfkant.de\/Tabelle_neu.php?var0=162&amp;var1=1\" data-slimstat-clicked=\"false\" data-slimstat-type=\"0\" data-slimstat-tracking=\"true\" data-slimstat-async=\"false\" data-slimstat-callback=\"true\">1<\/a><\/td>\n<td align=\"center\" width=\"30\"><a href=\"http:\/\/www.dekanat-gangelt-selfkant.de\/Tabelle_neu.php?var0=162&amp;var1=2\" data-slimstat-clicked=\"false\" data-slimstat-type=\"0\" data-slimstat-tracking=\"true\" data-slimstat-async=\"false\" data-slimstat-callback=\"true\">2<\/a><\/td>\n<td align=\"center\" width=\"30\"><a href=\"http:\/\/www.dekanat-gangelt-selfkant.de\/Tabelle_neu.php?var0=162&amp;var1=3\" data-slimstat-clicked=\"false\" data-slimstat-type=\"0\" data-slimstat-tracking=\"true\" data-slimstat-async=\"false\" data-slimstat-callback=\"true\">3<\/a><\/td>\n<td align=\"center\" width=\"30\"><a href=\"http:\/\/www.dekanat-gangelt-selfkant.de\/Tabelle_neu.php?var0=162&amp;var1=4\" data-slimstat-clicked=\"false\" data-slimstat-type=\"0\" data-slimstat-tracking=\"true\" data-slimstat-async=\"false\" data-slimstat-callback=\"true\">4<\/a><\/td>\n<td align=\"center\" width=\"30\"><a href=\"http:\/\/www.dekanat-gangelt-selfkant.de\/Tabelle_neu.php?var0=162&amp;var1=5\" data-slimstat-clicked=\"false\" data-slimstat-type=\"0\" data-slimstat-tracking=\"true\" data-slimstat-async=\"false\" data-slimstat-callback=\"true\">5<\/a><\/td>\n<td align=\"center\" width=\"30\"><a href=\"http:\/\/www.dekanat-gangelt-selfkant.de\/Tabelle_neu.php?var0=162&amp;var1=6\" data-slimstat-clicked=\"false\" data-slimstat-type=\"0\" data-slimstat-tracking=\"true\" data-slimstat-async=\"false\" data-slimstat-callback=\"true\">6<\/a><\/td>\n<td align=\"center\" width=\"30\"><a href=\"http:\/\/www.dekanat-gangelt-selfkant.de\/Tabelle_neu.php?var0=162&amp;var1=7\" data-slimstat-clicked=\"false\" data-slimstat-type=\"0\" data-slimstat-tracking=\"true\" data-slimstat-async=\"false\" data-slimstat-callback=\"true\">7<\/a><\/td>\n<td align=\"center\" width=\"30\"><a href=\"http:\/\/www.dekanat-gangelt-selfkant.de\/Tabelle_neu.php?var0=162&amp;var1=8\" data-slimstat-clicked=\"false\" data-slimstat-type=\"0\" data-slimstat-tracking=\"true\" data-slimstat-async=\"false\" data-slimstat-callback=\"true\">8<\/a><\/td>\n<td align=\"center\" width=\"30\"><a href=\"http:\/\/www.dekanat-gangelt-selfkant.de\/Tabelle_neu.php?var0=162&amp;var1=9\" data-slimstat-clicked=\"false\" data-slimstat-type=\"0\" data-slimstat-tracking=\"true\" data-slimstat-async=\"false\" data-slimstat-callback=\"true\">9<\/a><\/td>\n<td align=\"center\" width=\"30\"><a href=\"http:\/\/www.dekanat-gangelt-selfkant.de\/Tabelle_neu.php?var0=162&amp;var1=10\" data-slimstat-clicked=\"false\" data-slimstat-type=\"0\" data-slimstat-tracking=\"true\" data-slimstat-async=\"false\" data-slimstat-callback=\"true\">10<\/a><\/td>\n<td align=\"center\" width=\"30\"><a href=\"http:\/\/www.dekanat-gangelt-selfkant.de\/Tabelle_neu.php?var0=162&amp;var1=11\" data-slimstat-clicked=\"false\" data-slimstat-type=\"0\" data-slimstat-tracking=\"true\" data-slimstat-async=\"false\" data-slimstat-callback=\"true\">11<\/a><\/td>\n<td align=\"center\" width=\"30\"><a href=\"http:\/\/www.dekanat-gangelt-selfkant.de\/Tabelle_neu.php?var0=162&amp;var1=12\" data-slimstat-clicked=\"false\" data-slimstat-type=\"0\" data-slimstat-tracking=\"true\" data-slimstat-async=\"false\" data-slimstat-callback=\"true\">12<\/a><\/td>\n<\/tr>\n<tr>\n<td align=\"center\" width=\"44\">1<\/td>\n<td width=\"150\">Schierw\u2019rath II<\/td>\n<td align=\"center\" width=\"80\">356<\/td>\n<td align=\"center\">30<\/td>\n<td align=\"center\">28<\/td>\n<td align=\"center\">30<\/td>\n<td align=\"center\">30<\/td>\n<td align=\"center\">30<\/td>\n<td align=\"center\">29<\/td>\n<td align=\"center\">30<\/td>\n<td align=\"center\">30<\/td>\n<td align=\"center\">30<\/td>\n<td align=\"center\">30<\/td>\n<td align=\"center\">30<\/td>\n<td align=\"center\">29<\/td>\n<\/tr>\n<\/tbody>\n<\/table>\n<p>&nbsp;<\/p>\n<p>&nbsp;<\/p>\n<p>&nbsp;<\/td>\n<\/tr>\n<\/tbody>\n<\/table>\n<\/td>\n<\/tr>\n<\/tbody>\n<\/table>\n","protected":false},"excerpt":{"rendered":"<p>&nbsp; &nbsp; K\u00f6nigspaar Ulrich und Marianne Trepels standen im Mittelpunkt &nbsp; In Erinnerung an Leo Heinen Schirmherr Fest 2006 &nbsp; Klostertaler sorgten f\u00fcr\u00a0 Stimmung G\u00e4ste aus Frankreich, Belgien und den Niederlanden zu Gast Schiesswettbewerbe &nbsp; K\u00f6nigspaar Ulrich und Marianne Trepels Vom 15. \u2013 18. September 2016 feierte die St. Johannes Baptist Sch\u00fctzenbruderschaft H\u00f6ngen 550 Jahre &hellip; <a href=\"https:\/\/schuetzen-hoengen.de\/index.php\/historisches\/550-jahrfeier\/\" class=\"more-link\"><span class=\"screen-reader-text\">550 Jahrfeier<\/span> weiterlesen <span class=\"meta-nav\">&rarr;<\/span><\/a><\/p>\n","protected":false},"author":2,"featured_media":0,"parent":42,"menu_order":0,"comment_status":"closed","ping_status":"closed","template":"","meta":{"footnotes":""},"_links":{"self":[{"href":"https:\/\/schuetzen-hoengen.de\/index.php\/wp-json\/wp\/v2\/pages\/1770"}],"collection":[{"href":"https:\/\/schuetzen-hoengen.de\/index.php\/wp-json\/wp\/v2\/pages"}],"about":[{"href":"https:\/\/schuetzen-hoengen.de\/index.php\/wp-json\/wp\/v2\/types\/page"}],"author":[{"embeddable":true,"href":"https:\/\/schuetzen-hoengen.de\/index.php\/wp-json\/wp\/v2\/users\/2"}],"replies":[{"embeddable":true,"href":"https:\/\/schuetzen-hoengen.de\/index.php\/wp-json\/wp\/v2\/comments?post=1770"}],"version-history":[{"count":57,"href":"https:\/\/schuetzen-hoengen.de\/index.php\/wp-json\/wp\/v2\/pages\/1770\/revisions"}],"predecessor-version":[{"id":7792,"href":"https:\/\/schuetzen-hoengen.de\/index.php\/wp-json\/wp\/v2\/pages\/1770\/revisions\/7792"}],"up":[{"embeddable":true,"href":"https:\/\/schuetzen-hoengen.de\/index.php\/wp-json\/wp\/v2\/pages\/42"}],"wp:attachment":[{"href":"https:\/\/schuetzen-hoengen.de\/index.php\/wp-json\/wp\/v2\/media?parent=1770"}],"curies":[{"name":"wp","href":"https:\/\/api.w.org\/{rel}","templated":true}]}}