{"id":661,"date":"2015-11-18T08:51:50","date_gmt":"2015-11-18T07:51:50","guid":{"rendered":"http:\/\/www.schuetzen-hoengen.de\/?page_id=661"},"modified":"2018-06-24T19:41:23","modified_gmt":"2018-06-24T17:41:23","slug":"offiziere","status":"publish","type":"page","link":"https:\/\/schuetzen-hoengen.de\/index.php\/bruderschaft\/vorstand\/offiziere\/","title":{"rendered":"Offiziere"},"content":{"rendered":"<h5 style=\"text-align: center;\"><span style=\"color: #008000;\"><strong>Offiziere der Sch\u00fctzenbruderschaft<\/strong><\/span><\/h5>\n<p style=\"text-align: center;\"><a href=\"http:\/\/www.schuetzen-hoengen.de\/wp-content\/uploads\/2015\/04\/Officiere-2-Copy.jpg\" data-rel=\"lightbox-image-0\" data-rl_title=\"\" data-rl_caption=\"\" title=\"\"><img loading=\"lazy\" decoding=\"async\" class=\"size-medium wp-image-5191 aligncenter\" src=\"http:\/\/www.schuetzen-hoengen.de\/wp-content\/uploads\/2015\/04\/Officiere-2-Copy-300x225.jpg\" alt=\"officiere-2-copy\" width=\"300\" height=\"225\" srcset=\"https:\/\/schuetzen-hoengen.de\/wp-content\/uploads\/2015\/04\/Officiere-2-Copy-300x225.jpg 300w, https:\/\/schuetzen-hoengen.de\/wp-content\/uploads\/2015\/04\/Officiere-2-Copy-768x576.jpg 768w, https:\/\/schuetzen-hoengen.de\/wp-content\/uploads\/2015\/04\/Officiere-2-Copy.jpg 800w\" sizes=\"(max-width: 300px) 100vw, 300px\" \/><\/a>Offiziere und F\u00e4hnriche mit K\u00f6nig Sch\u00fctzenfest 2015<\/p>\n<p><strong>Pr\u00e4sident:\u00a0\u00a0\u00a0\u00a0\u00a0\u00a0\u00a0\u00a0\u00a0\u00a0\u00a0\u00a0\u00a0\u00a0\u00a0\u00a0\u00a0\u00a0\u00a0\u00a0\u00a0\u00a0\u00a0\u00a0\u00a0\u00a0\u00a0\u00a0\u00a0\u00a0\u00a0\u00a0\u00a0\u00a0\u00a0 \u00a0\u00a0 Rang<\/strong>:\u00a0 Hauptmann<br \/>\nHeinz-Leo Keulen<\/p>\n<p><strong>Kommandant:\u00a0\u00a0\u00a0\u00a0\u00a0\u00a0\u00a0\u00a0\u00a0\u00a0\u00a0\u00a0\u00a0\u00a0\u00a0\u00a0\u00a0\u00a0\u00a0\u00a0\u00a0\u00a0\u00a0\u00a0\u00a0\u00a0\u00a0\u00a0\u00a0 Rang:\u00a0 <\/strong>Hauptmann<br \/>\nKarl-Heinz Welters<\/p>\n<p><strong>\u00a01. Zugf\u00fchrer:\u00a0\u00a0\u00a0\u00a0\u00a0\u00a0\u00a0\u00a0\u00a0\u00a0\u00a0\u00a0\u00a0\u00a0\u00a0\u00a0\u00a0\u00a0\u00a0\u00a0\u00a0\u00a0\u00a0\u00a0\u00a0\u00a0\u00a0\u00a0\u00a0\u00a0 Rang:\u00a0 <\/strong>Hauptmann<br \/>\nGuido Basten<\/p>\n<p><strong>2. Zugf\u00fchrer:\u00a0\u00a0\u00a0\u00a0\u00a0\u00a0\u00a0\u00a0\u00a0\u00a0\u00a0\u00a0\u00a0\u00a0\u00a0\u00a0\u00a0\u00a0\u00a0\u00a0\u00a0\u00a0\u00a0\u00a0\u00a0\u00a0\u00a0\u00a0\u00a0\u00a0\u00a0 Rang:\u00a0 <\/strong>Hauptmann<br \/>\nBerthold Conen<\/p>\n<p><strong>1. Adjutant:\u00a0\u00a0\u00a0 \u00a0 \u00a0 \u00a0 \u00a0 \u00a0 \u00a0 \u00a0 \u00a0 \u00a0 \u00a0 \u00a0 \u00a0 \u00a0\u00a0 \u00a0 \u00a0 Rang:\u00a0 <\/strong>Leutnant<br \/>\nFranz Hensgens<\/p>\n<p><strong>2. Adjutant:\u00a0 \u00a0 \u00a0 \u00a0 \u00a0 \u00a0 \u00a0 \u00a0 \u00a0 \u00a0 \u00a0 \u00a0 \u00a0 \u00a0 \u00a0 \u00a0 \u00a0\u00a0 Rang:\u00a0 <\/strong>Leutnant \u00a0 \u00a0 \u00a0 \u00a0 \u00a0 \u00a0 \u00a0 \u00a0 \u00a0 \u00a0 \u00a0 \u00a0 \u00a0 \u00a0 \u00a0 \u00a0 \u00a0 \u00a0 \u00a0 \u00a0 \u00a0 \u00a0 \u00a0 \u00a0 \u00a0 \u00a0\u00a0\u00a0\u00a0 Rudi von Cleef<strong><br \/>\n<\/strong><strong><br \/>\n1. Schlie\u00dfer:\u00a0\u00a0\u00a0\u00a0\u00a0\u00a0\u00a0\u00a0\u00a0\u00a0\u00a0\u00a0\u00a0\u00a0\u00a0\u00a0\u00a0\u00a0\u00a0\u00a0\u00a0\u00a0\u00a0\u00a0\u00a0\u00a0\u00a0\u00a0\u00a0\u00a0\u00a0\u00a0\u00a0 Rang:\u00a0 <\/strong>Unteroffizier<strong><br \/>\n<\/strong>Tobias Keulen<\/p>\n<p><strong>2. Schlie\u00dfer:\u00a0\u00a0\u00a0\u00a0\u00a0\u00a0\u00a0\u00a0\u00a0\u00a0\u00a0\u00a0\u00a0\u00a0\u00a0\u00a0\u00a0\u00a0\u00a0\u00a0\u00a0\u00a0\u00a0\u00a0\u00a0\u00a0\u00a0\u00a0\u00a0\u00a0\u00a0\u00a0\u00a0 Rang:\u00a0 <\/strong>Unteroffizier<strong><br \/>\n<\/strong>Oliver Bodden<\/p>\n<p style=\"text-align: left;\"><strong>1.F\u00e4hnrich<br \/>\n<\/strong>Peter Stoffels<strong><br \/>\n<\/strong><\/p>\n<p><strong>2.F\u00e4hnrich<\/strong><br \/>\nFahne 2. Zug wird nur noch zu besonderen Anl\u00e4ssen mitgef\u00fchrt<strong> \u00a0<strong><br \/>\n<\/strong><br \/>\nEhrenpr\u00e4sident<br \/>\n<\/strong>Hans Jan\u00dfen<\/p>\n<p style=\"text-align: left;\"><a href=\"http:\/\/www.schuetzen-hoengen.de\/wp-content\/uploads\/2015\/05\/Off-2.jpg\" data-rel=\"lightbox-image-1\" data-rl_title=\"\" data-rl_caption=\"\" title=\"\"><img loading=\"lazy\" decoding=\"async\" class=\"size-medium wp-image-259 aligncenter\" src=\"http:\/\/www.schuetzen-hoengen.de\/wp-content\/uploads\/2015\/05\/Off-2-300x225.jpg\" alt=\"Off 2\" width=\"300\" height=\"225\" srcset=\"https:\/\/schuetzen-hoengen.de\/wp-content\/uploads\/2015\/05\/Off-2-300x225.jpg 300w, https:\/\/schuetzen-hoengen.de\/wp-content\/uploads\/2015\/05\/Off-2.jpg 640w\" sizes=\"(max-width: 300px) 100vw, 300px\" \/><\/a><\/p>\n<p style=\"text-align: center;\">Auch ein Offizier braucht mal eine Pause!!!<br \/>\ngesehen Sch\u00fctzenfest Schierwaldenrath<\/p>\n<p>&nbsp;<\/p>\n","protected":false},"excerpt":{"rendered":"<p>Offiziere der Sch\u00fctzenbruderschaft Offiziere und F\u00e4hnriche mit K\u00f6nig Sch\u00fctzenfest 2015 Pr\u00e4sident:\u00a0\u00a0\u00a0\u00a0\u00a0\u00a0\u00a0\u00a0\u00a0\u00a0\u00a0\u00a0\u00a0\u00a0\u00a0\u00a0\u00a0\u00a0\u00a0\u00a0\u00a0\u00a0\u00a0\u00a0\u00a0\u00a0\u00a0\u00a0\u00a0\u00a0\u00a0\u00a0\u00a0\u00a0\u00a0 \u00a0\u00a0 Rang:\u00a0 Hauptmann Heinz-Leo Keulen Kommandant:\u00a0\u00a0\u00a0\u00a0\u00a0\u00a0\u00a0\u00a0\u00a0\u00a0\u00a0\u00a0\u00a0\u00a0\u00a0\u00a0\u00a0\u00a0\u00a0\u00a0\u00a0\u00a0\u00a0\u00a0\u00a0\u00a0\u00a0\u00a0\u00a0 Rang:\u00a0 Hauptmann Karl-Heinz Welters \u00a01. Zugf\u00fchrer:\u00a0\u00a0\u00a0\u00a0\u00a0\u00a0\u00a0\u00a0\u00a0\u00a0\u00a0\u00a0\u00a0\u00a0\u00a0\u00a0\u00a0\u00a0\u00a0\u00a0\u00a0\u00a0\u00a0\u00a0\u00a0\u00a0\u00a0\u00a0\u00a0\u00a0 Rang:\u00a0 Hauptmann Guido Basten 2. Zugf\u00fchrer:\u00a0\u00a0\u00a0\u00a0\u00a0\u00a0\u00a0\u00a0\u00a0\u00a0\u00a0\u00a0\u00a0\u00a0\u00a0\u00a0\u00a0\u00a0\u00a0\u00a0\u00a0\u00a0\u00a0\u00a0\u00a0\u00a0\u00a0\u00a0\u00a0\u00a0\u00a0 Rang:\u00a0 Hauptmann Berthold Conen 1. Adjutant:\u00a0\u00a0\u00a0 \u00a0 \u00a0 \u00a0 \u00a0 \u00a0 \u00a0 \u00a0 \u00a0 \u00a0 \u00a0 \u00a0 \u00a0 \u00a0\u00a0 \u00a0 \u00a0 Rang:\u00a0 Leutnant Franz Hensgens 2. &hellip; <a href=\"https:\/\/schuetzen-hoengen.de\/index.php\/bruderschaft\/vorstand\/offiziere\/\" class=\"more-link\"><span class=\"screen-reader-text\">Offiziere<\/span> weiterlesen <span class=\"meta-nav\">&rarr;<\/span><\/a><\/p>\n","protected":false},"author":2,"featured_media":0,"parent":55,"menu_order":0,"comment_status":"closed","ping_status":"closed","template":"","meta":{"footnotes":""},"_links":{"self":[{"href":"https:\/\/schuetzen-hoengen.de\/index.php\/wp-json\/wp\/v2\/pages\/661"}],"collection":[{"href":"https:\/\/schuetzen-hoengen.de\/index.php\/wp-json\/wp\/v2\/pages"}],"about":[{"href":"https:\/\/schuetzen-hoengen.de\/index.php\/wp-json\/wp\/v2\/types\/page"}],"author":[{"embeddable":true,"href":"https:\/\/schuetzen-hoengen.de\/index.php\/wp-json\/wp\/v2\/users\/2"}],"replies":[{"embeddable":true,"href":"https:\/\/schuetzen-hoengen.de\/index.php\/wp-json\/wp\/v2\/comments?post=661"}],"version-history":[{"count":18,"href":"https:\/\/schuetzen-hoengen.de\/index.php\/wp-json\/wp\/v2\/pages\/661\/revisions"}],"predecessor-version":[{"id":10422,"href":"https:\/\/schuetzen-hoengen.de\/index.php\/wp-json\/wp\/v2\/pages\/661\/revisions\/10422"}],"up":[{"embeddable":true,"href":"https:\/\/schuetzen-hoengen.de\/index.php\/wp-json\/wp\/v2\/pages\/55"}],"wp:attachment":[{"href":"https:\/\/schuetzen-hoengen.de\/index.php\/wp-json\/wp\/v2\/media?parent=661"}],"curies":[{"name":"wp","href":"https:\/\/api.w.org\/{rel}","templated":true}]}}