{"id":9632,"date":"2018-01-04T12:20:20","date_gmt":"2018-01-04T11:20:20","guid":{"rendered":"http:\/\/www.schuetzen-hoengen.de\/?page_id=9632"},"modified":"2018-01-04T12:22:04","modified_gmt":"2018-01-04T11:22:04","slug":"dekanat","status":"publish","type":"page","link":"https:\/\/schuetzen-hoengen.de\/index.php\/bruderschaft\/dekanat\/","title":{"rendered":"Dekanat"},"content":{"rendered":"<p><img loading=\"lazy\" decoding=\"async\" class=\"aligncenter\" src=\"http:\/\/www.schuetzen-hoengen.de\/wp-content\/uploads\/2016\/04\/CIMG0931-Copy.jpg\" alt=\"\" width=\"394\" height=\"295\" \/><\/p>\n<h6>In der Herbstversammlung, Freitag\u00a0 01.12. , wurde Norbert K\u00fcppers zum Dekanatsbundesmeister gew\u00e4hlt.<br \/>\nJose Kallupilankal wurde als neuer Sch\u00fctzenpr\u00e4ses f\u00fcr den Bereich Selfkant gew\u00e4hlt.<\/h6>\n<h4>Herzlichen Gl\u00fcckwunsch!!!<\/h4>\n<p>&nbsp;<\/p>\n<p><a href=\"http:\/\/www.schuetzen-hoengen.de\/wp-content\/uploads\/2017\/12\/K\u00fcppers.jpg\" data-rel=\"lightbox-image-0\" data-rl_title=\"\" data-rl_caption=\"\" title=\"\"><img loading=\"lazy\" decoding=\"async\" class=\"wp-image-9538  aligncenter\" src=\"http:\/\/www.schuetzen-hoengen.de\/wp-content\/uploads\/2017\/12\/K\u00fcppers-300x185.jpg\" alt=\"\" width=\"383\" height=\"236\" srcset=\"https:\/\/schuetzen-hoengen.de\/wp-content\/uploads\/2017\/12\/K\u00fcppers-300x185.jpg 300w, https:\/\/schuetzen-hoengen.de\/wp-content\/uploads\/2017\/12\/K\u00fcppers-768x473.jpg 768w, https:\/\/schuetzen-hoengen.de\/wp-content\/uploads\/2017\/12\/K\u00fcppers.jpg 995w\" sizes=\"(max-width: 383px) 100vw, 383px\" \/><\/a><\/p>\n<p>Millen. Die St. Quirinus Sch\u00fctzenbruderschaft Millen war nicht nur vor Monaten ein guter Gastgeber des Dekanatssch\u00fctzenfestes, sie war auch ein guter Gastgeber der Winterversammlung im Sch\u00fctzendekanat Gangelt-Selfkant. Nach dem pl\u00f6tzlichen Tode von Dekanatsbundesmeister Ludwig Kaprot zur Jahresmitte \u00fcbernahm dessen Stellvertreter Norbert K\u00fcppers kommissarisch dieses Amt und f\u00fchrte Regie bei den jeweiligen zwei Sch\u00fctzenfesten im Jahr. Im Sch\u00fctzenheim Millen begr\u00fc\u00dfte K\u00fcppers zahlreiche Mitglieder\/innen der 21 angeschlossenen Sch\u00fctzenbruderschaften, ein besonders Hallo galt Dekanatsehrenbundesmeister Heinrich Aretz.<\/p>\n<p>Im R\u00fcckblick standen die beiden Sch\u00fctzenfeste in Birgden (Juni) und Millen (August) im Mittelpunkt, beide Feste waren Werbung f\u00fcr die Sch\u00fctzensache und erwiesen sich traditionell als Zuschauermagnete. Weiterhin war der Jungsch\u00fctzentag ein Highlight. Unter anderem blickte Norbert K\u00fcppers zu den Schie\u00dfwettbewerben. Die Rundenwettk\u00e4mpfe mobilisieren die Bruderschaften und sind mehr als nur Wettbewerbe. Erfreut zeigte sich der Dekanatsvorstand \u00fcber die gute Resonanz bei dem Dekanatsmeisterschaften. Dekanatsk\u00f6nig wurde bekanntlich Hermann-Josef Peters (St. Urbanus Birgden), Dekanatsprinz wurde Niko Dahlmanns (St. Hubertus S\u00fcsterseel) und Dekanatssch\u00fclerprinz wurde Lennart von Ameln (St. Sebastianus T\u00fcddern).<\/p>\n<p>Wichtigster Tagespunkt war die Neuwahl des Dekanatsbundesmeisters. Wahlleiter Heinrich Aretz lie\u00df keinen Zweifel daran, dass mit Norbert K\u00fcppers bereits der richtige Sch\u00fctzenbruder in vorderster Front stehe. Norbert K\u00fcppers erhielt das einstimmige Vertrauen aller Anwesenden. Nach der Wahl wurde ihm offiziell die Dekanatskette \u00fcberreicht. Der neue Dekanatsbundesmeister aus Waldenrath sah im Dekanatsverband eine gro\u00dfe Familie, dankte f\u00fcr die Zusammenarbeit und Hilfsbereitschaft nach dem pl\u00f6tzlichen Tode von Ludwig Kaprot. Ferner wurde am Abend Pfarrer Jose Kallupilankal als neuer Sch\u00fctzenpr\u00e4ses (bisher war die Ralf Schl\u00f6sser, neue Aufgaben im Bistum \u00fcbernommen hat) f\u00fcr den Bereich Selfkant gew\u00e4hlt, f\u00fcr den Bereich Gangelt ist Daniel Wenzel als Sch\u00fctzenpr\u00e4ses im Amt. Weiterhin wurden die Termine f\u00fcr kommende Gro\u00dfveranstaltungen genannt. Am 4. M\u00e4rz 2018 sieht Havert den Jungsch\u00fctzentag im Dekanat. Am Wochenende des 8. Juli feiert Schierwaldenrath das erste Sch\u00fctzenfest, Isenbruch begeht dann am Wochenende zum 19. August das zweite Sch\u00fctzenfest. Saeffelen wird 2019 Gastgeber des ersten Sch\u00fctzenfestes (7. Juli), Gangelt des zweiten Sch\u00fctzenfestes (1. September). 2020 startet Schalbruch am WE 7. Juni, Breberen folgt dann am WE 23. August.<\/p>\n<p>Die Kreuzrather St. Aegidius Bruderschaft teilte mit, dass man am WE 29. August 2021 das 100-j\u00e4hrige Sch\u00fctzenjubil\u00e4um feiert. Am Ende der Versammlung wurde traditionell f\u00fcr einen guten Zweck gesammelt, 380\u20ac wurden gespendet.<\/p>\n","protected":false},"excerpt":{"rendered":"<p>In der Herbstversammlung, Freitag\u00a0 01.12. , wurde Norbert K\u00fcppers zum Dekanatsbundesmeister gew\u00e4hlt. Jose Kallupilankal wurde als neuer Sch\u00fctzenpr\u00e4ses f\u00fcr den Bereich Selfkant gew\u00e4hlt. Herzlichen Gl\u00fcckwunsch!!! &nbsp; Millen. Die St. Quirinus Sch\u00fctzenbruderschaft Millen war nicht nur vor Monaten ein guter Gastgeber des Dekanatssch\u00fctzenfestes, sie war auch ein guter Gastgeber der Winterversammlung im Sch\u00fctzendekanat Gangelt-Selfkant. Nach dem &hellip; <a href=\"https:\/\/schuetzen-hoengen.de\/index.php\/bruderschaft\/dekanat\/\" class=\"more-link\"><span class=\"screen-reader-text\">Dekanat<\/span> weiterlesen <span class=\"meta-nav\">&rarr;<\/span><\/a><\/p>\n","protected":false},"author":3,"featured_media":0,"parent":40,"menu_order":0,"comment_status":"closed","ping_status":"closed","template":"","meta":{"footnotes":""},"_links":{"self":[{"href":"https:\/\/schuetzen-hoengen.de\/index.php\/wp-json\/wp\/v2\/pages\/9632"}],"collection":[{"href":"https:\/\/schuetzen-hoengen.de\/index.php\/wp-json\/wp\/v2\/pages"}],"about":[{"href":"https:\/\/schuetzen-hoengen.de\/index.php\/wp-json\/wp\/v2\/types\/page"}],"author":[{"embeddable":true,"href":"https:\/\/schuetzen-hoengen.de\/index.php\/wp-json\/wp\/v2\/users\/3"}],"replies":[{"embeddable":true,"href":"https:\/\/schuetzen-hoengen.de\/index.php\/wp-json\/wp\/v2\/comments?post=9632"}],"version-history":[{"count":2,"href":"https:\/\/schuetzen-hoengen.de\/index.php\/wp-json\/wp\/v2\/pages\/9632\/revisions"}],"predecessor-version":[{"id":9634,"href":"https:\/\/schuetzen-hoengen.de\/index.php\/wp-json\/wp\/v2\/pages\/9632\/revisions\/9634"}],"up":[{"embeddable":true,"href":"https:\/\/schuetzen-hoengen.de\/index.php\/wp-json\/wp\/v2\/pages\/40"}],"wp:attachment":[{"href":"https:\/\/schuetzen-hoengen.de\/index.php\/wp-json\/wp\/v2\/media?parent=9632"}],"curies":[{"name":"wp","href":"https:\/\/api.w.org\/{rel}","templated":true}]}}